{"id":141,"date":"2022-01-18T15:52:09","date_gmt":"2022-01-18T14:52:09","guid":{"rendered":"http:\/\/logo-rent.com\/adat-vedelem\/"},"modified":"2022-03-01T14:10:58","modified_gmt":"2022-03-01T13:10:58","slug":"adat-vedelem","status":"publish","type":"page","link":"http:\/\/logo-rent.com\/hu\/adat-vedelem\/","title":{"rendered":"Adatv\u00e9delem"},"content":{"rendered":"<p>[et_pb_section fb_built=&#8221;1&#8243; fullwidth=&#8221;on&#8221; _builder_version=&#8221;4.14.6&#8243; _module_preset=&#8221;default&#8221; global_colors_info=&#8221;{}&#8221;][et_pb_fullwidth_header _builder_version=&#8221;4.14.7&#8243; _module_preset=&#8221;default&#8221; background_image=&#8221;http:\/\/logo-rent.com\/wp-content\/uploads\/logo-rent.png&#8221; height=&#8221;600px&#8221; hover_enabled=&#8221;0&#8243; global_colors_info=&#8221;{}&#8221; title_text=&#8221;logo-rent&#8221; sticky_enabled=&#8221;0&#8243;][\/et_pb_fullwidth_header][\/et_pb_section][et_pb_section fb_built=&#8221;1&#8243; _builder_version=&#8221;3.22&#8243; global_colors_info=&#8221;{}&#8221;][et_pb_row _builder_version=&#8221;3.25&#8243; background_size=&#8221;initial&#8221; background_position=&#8221;top_left&#8221; background_repeat=&#8221;repeat&#8221; global_colors_info=&#8221;{}&#8221;][et_pb_column type=&#8221;4_4&#8243; _builder_version=&#8221;3.25&#8243; custom_padding=&#8221;|||&#8221; global_colors_info=&#8221;{}&#8221; custom_padding__hover=&#8221;|||&#8221;][et_pb_post_title meta=&#8221;off&#8221; featured_image=&#8221;off&#8221; text_color=&#8221;light&#8221; text_background=&#8221;on&#8221; text_bg_color=&#8221;#FE4902&#8243; _builder_version=&#8221;4.14.6&#8243; _module_preset=&#8221;default&#8221; background_color=&#8221;#FE4902&#8243; custom_margin=&#8221;||||false|false&#8221; custom_padding=&#8221;9px||||false|false&#8221; global_colors_info=&#8221;{}&#8221;][\/et_pb_post_title][\/et_pb_column][\/et_pb_row][et_pb_row _builder_version=&#8221;4.14.7&#8243; _module_preset=&#8221;default&#8221; global_colors_info=&#8221;{}&#8221;][et_pb_column type=&#8221;4_4&#8243; _builder_version=&#8221;4.14.7&#8243; _module_preset=&#8221;default&#8221; global_colors_info=&#8221;{}&#8221;][et_pb_text _builder_version=&#8221;4.14.7&#8243; _module_preset=&#8221;default&#8221; global_colors_info=&#8221;{}&#8221;]<\/p>\n<h2>1. Adatv\u00e9delem \u00e1ttekint\u00e9s<\/h2>\n<h3>\u00c1ltal\u00e1nos inform\u00e1ci\u00f3k<\/h3>\n<p>Az al\u00e1bbi inform\u00e1ci\u00f3k egyszer\u0171 \u00e1ttekint\u00e9st ny\u00fajtanak arr\u00f3l, hogy mi t\u00f6rt\u00e9nik az \u00d6n szem\u00e9lyes adataival, amikor megl\u00e1togatja ezt a weboldalt. Szem\u00e9lyes adatnak min\u0151s\u00fcl minden olyan adat, amely alapj\u00e1n \u00d6n szem\u00e9lyesen azonos\u00edthat\u00f3. Az adatv\u00e9delemmel kapcsolatos r\u00e9szletesebb inform\u00e1ci\u00f3k\u00e9rt k\u00e9rj\u00fck, olvassa el a jelen sz\u00f6veg alatt tal\u00e1lhat\u00f3 adatv\u00e9delmi nyilatkozatunkat.<\/p>\n<h3>Adatgy\u0171jt\u00e9s ezen a weboldalon<\/h3>\n<h4>Ki a felel\u0151s az adatgy\u0171jt\u00e9s\u00e9rt ezen a weboldalon?<\/h4>\n<p>Az adatfeldolgoz\u00e1st ezen a weboldalon a weboldal \u00fczemeltet\u0151je v\u00e9gzi. A weboldal \u00fczemeltet\u0151j\u00e9nek el\u00e9rhet\u0151s\u00e9g\u00e9t a jelen adatv\u00e9delmi nyilatkozat &#8222;Az adatkezel\u0151re vonatkoz\u00f3 inform\u00e1ci\u00f3k&#8221; c\u00edm\u0171 r\u00e9sz\u00e9ben tal\u00e1lja.<\/p>\n<h4>Hogyan gy\u0171jtj\u00fck az \u00d6n adatait?<\/h4>\n<p>Egyr\u00e9szt az \u00d6n adatait akkor gy\u0171jtj\u00fck, amikor \u00d6n megadja azokat nek\u00fcnk. Ezek lehetnek p\u00e9ld\u00e1ul olyan adatok, amelyeket egy kapcsolatfelv\u00e9teli \u0171rlapon ad meg.<\/p>\n<p>Egy\u00e9b adatokat automatikusan vagy az \u00d6n hozz\u00e1j\u00e1rul\u00e1s\u00e1val gy\u0171jtenek informatikai rendszereink, amikor \u00d6n megl\u00e1togatja a weboldalt. Ezek f\u0151k\u00e9nt technikai adatok (pl. internetb\u00f6ng\u00e9sz\u0151, oper\u00e1ci\u00f3s rendszer vagy az oldal megtekint\u00e9s\u00e9nek ideje). Ezeket az adatokat automatikusan gy\u0171jtj\u00fck, amint \u00d6n bel\u00e9p erre a weboldalra.<\/p>\n<h4>Mire haszn\u00e1ljuk az \u00d6n adatait?<\/h4>\n<p>Az adatok egy r\u00e9sz\u00e9t az\u00e9rt gy\u0171jtj\u00fck, hogy biztos\u00edtsuk a weboldal hib\u00e1tlan m\u0171k\u00f6d\u00e9s\u00e9t. Egy\u00e9b adatok felhaszn\u00e1lhat\u00f3k az \u00d6n felhaszn\u00e1l\u00f3i magatart\u00e1s\u00e1nak elemz\u00e9s\u00e9re.<\/p>\n<h4>Milyen jogai vannak az adataival kapcsolatban?<\/h4>\n<p>\u00d6n b\u00e1rmikor jogosult arra, hogy d\u00edjmentesen t\u00e1j\u00e9koztat\u00e1st kapjon a t\u00e1rolt szem\u00e9lyes adatainak eredet\u00e9r\u0151l, c\u00edmzettj\u00e9r\u0151l \u00e9s c\u00e9lj\u00e1r\u00f3l. \u00d6nnek joga van ezen adatok helyesb\u00edt\u00e9s\u00e9t vagy t\u00f6rl\u00e9s\u00e9t is k\u00e9rni. Ha \u00d6n hozz\u00e1j\u00e1rul\u00e1s\u00e1t adta az adatfeldolgoz\u00e1shoz, akkor ezt a hozz\u00e1j\u00e1rul\u00e1s\u00e1t a j\u00f6v\u0151re n\u00e9zve b\u00e1rmikor visszavonhatja. \u00d6n jogosult arra is, hogy bizonyos k\u00f6r\u00fclm\u00e9nyek k\u00f6z\u00f6tt k\u00e9rje szem\u00e9lyes adatai feldolgoz\u00e1s\u00e1nak korl\u00e1toz\u00e1s\u00e1t. Tov\u00e1bb\u00e1 joga van panaszt tenni az illet\u00e9kes fel\u00fcgyeleti hat\u00f3s\u00e1gn\u00e1l. Ezzel \u00e9s m\u00e1s, az adatv\u00e9delemmel kapcsolatos k\u00e9rd\u00e9sekkel kapcsolatban b\u00e1rmikor kapcsolatba l\u00e9phet vel\u00fcnk.<\/p>\n<p>&#8211;<\/p>\n<h3>Elemz\u0151eszk\u00f6z\u00f6k \u00e9s harmadik f\u00e9lt\u0151l sz\u00e1rmaz\u00f3 eszk\u00f6z\u00f6k<\/h3>\n<p>A weboldal l\u00e1togat\u00e1sa sor\u00e1n az \u00d6n b\u00f6ng\u00e9sz\u00e9si szok\u00e1sait statisztikailag elemezhetj\u00fck. Ezt f\u0151k\u00e9nt \u00fagynevezett elemz\u0151programokkal v\u00e9gzik.<\/p>\n<p>Az elemz\u00e9si programokra vonatkoz\u00f3 r\u00e9szletes inform\u00e1ci\u00f3k az al\u00e1bbi adatv\u00e9delmi nyilatkozatban tal\u00e1lhat\u00f3k.<\/p>\n<h2>2. T\u00e1rhelyszolg\u00e1ltat\u00e1s<\/h2>\n<h3>All-Inkl<\/h3>\n<p>Weboldalunk t\u00e1rhelyszolg\u00e1ltat\u00f3ja az All-Inkl. A szolg\u00e1ltat\u00f3 az ALL-INKL.COM &#8211; Neue Medien M\u00fcnnich, Inh. Ren\u00e9 M\u00fcnnich, Hauptstra\u00dfe 68, 02742 Friedersdorf (a tov\u00e1bbiakban All-Inkl). A r\u00e9szletek\u00e9rt k\u00e9rj\u00fck, olvassa el az All-Inkl adatv\u00e9delmi szab\u00e1lyzat\u00e1t: <a href=\"https:\/\/all-inkl.com\/datenschutzinformationen\/\" target=\"_blank\" rel=\"noopener noreferrer\">https:\/\/all-inkl.com\/datenschutzinformationen\/<\/a>.<\/p>\n<p>Az All-Inkl haszn\u00e1lata a GDPR 6. cikk\u00e9nek (1) bekezd\u00e9s\u00e9nek f) pontj\u00e1n alapul. Jogos \u00e9rdek\u00fcnk f\u0171z\u0151dik weboldalunk min\u00e9l megb\u00edzhat\u00f3bb megjelen\u00edt\u00e9s\u00e9hez. Ha megfelel\u0151 hozz\u00e1j\u00e1rul\u00e1st k\u00e9rtek, az adatkezel\u00e9s kiz\u00e1r\u00f3lag a GDPR 6. (1) bekezd\u00e9s\u00e9nek bekezd\u00e9s\u00e9nek a) pontja \u00e9s a Az \u00faj adatv\u00e9delmi t\u00f6rv\u00e9ny 25. \u00a7 (1) bekezd\u00e9se alapj\u00e1n t\u00f6rt\u00e9nik, amennyiben a hozz\u00e1j\u00e1rul\u00e1s mag\u00e1ban foglalja a cookie-k t\u00e1rol\u00e1s\u00e1t vagy a felhaszn\u00e1l\u00f3 v\u00e9gberendez\u00e9s\u00e9ben l\u00e9v\u0151 inform\u00e1ci\u00f3khoz val\u00f3 hozz\u00e1f\u00e9r\u00e9st (pl. eszk\u00f6z-ujjlenyomat) Az \u00faj adatv\u00e9delmi t\u00f6rv\u00e9ny meghat\u00e1roz\u00e1sa szerint. A hozz\u00e1j\u00e1rul\u00e1s b\u00e1rmikor visszavonhat\u00f3.<\/p>\n<h4>Munka feldolgoz\u00e1sa<\/h4>\n<p>A fent eml\u00edtett szolg\u00e1ltat\u00f3val szerz\u0151d\u00e9st k\u00f6t\u00f6tt\u00fcnk a megrendel\u00e9sek feldolgoz\u00e1s\u00e1ra (AVV). Ez egy adatv\u00e9delmi t\u00f6rv\u00e9ny \u00e1ltal el\u0151\u00edrt szerz\u0151d\u00e9s, amely biztos\u00edtja, hogy a szolg\u00e1ltat\u00f3 csak a mi utas\u00edt\u00e1sainknak megfelel\u0151en \u00e9s a GDPR-nak megfelel\u0151en kezeli a weboldalunk l\u00e1togat\u00f3inak szem\u00e9lyes adatait.<\/p>\n<h2>3. \u00c1ltal\u00e1nos \u00e9s k\u00f6telez\u0151 inform\u00e1ci\u00f3k<\/h2>\n<h3>Datenschutz<\/h3>\n<p>Ezen oldalak \u00fczemeltet\u0151i nagyon komolyan veszik az \u00d6n szem\u00e9lyes adatainak v\u00e9delm\u00e9t. Szem\u00e9lyes adatait bizalmasan, a t\u00f6rv\u00e9nyes adatv\u00e9delmi el\u0151\u00edr\u00e1soknak \u00e9s a jelen adatv\u00e9delmi nyilatkozatnak megfelel\u0151en kezelj\u00fck.<\/p>\n<p>Amikor \u00d6n ezt a weboldalt haszn\u00e1lja, k\u00fcl\u00f6nb\u00f6z\u0151 szem\u00e9lyes adatokat gy\u0171jt\u00fcnk. A szem\u00e9lyes adatok olyan adatok, amelyek alapj\u00e1n \u00d6n szem\u00e9lyesen azonos\u00edthat\u00f3. Ez az Adatv\u00e9delmi szab\u00e1lyzat elmagyar\u00e1zza, hogy milyen adatokat gy\u0171jt\u00fcnk \u00e9s hogyan haszn\u00e1ljuk fel azokat. Azt is elmagyar\u00e1zza, hogyan \u00e9s milyen c\u00e9lb\u00f3l t\u00f6rt\u00e9nik ez.<\/p>\n<p>Szeretn\u00e9nk felh\u00edvni a figyelmet arra, hogy az internetes adat\u00e1tvitel (pl. az e-mailes kommunik\u00e1ci\u00f3 sor\u00e1n) biztons\u00e1gi r\u00e9seket tartalmazhat. Az adatok teljes k\u00f6r\u0171 v\u00e9delme harmadik felek hozz\u00e1f\u00e9r\u00e9se ellen nem lehets\u00e9ges.<\/p>\n<h3>Megjegyz\u00e9s a felel\u0151s szervr\u0151l<\/h3>\n<p>A jelen weboldalon az adatfeldolgoz\u00e1s\u00e9rt felel\u0151s f\u00e9l:<\/p>\n<p>Logo Rent Kft.<br \/>Bart\u00f3k B\u00e9la u. 2\/A<br \/>9200 Mosonmagyar\u00f3v\u00e1r<br \/>Magyarorsz\u00e1g<\/p>\n<p>Telefon: +36 30 438 6354<br \/>E-Mail: info@logo-rent.com<\/p>\n<p>Az adatkezel\u0151 az a term\u00e9szetes vagy jogi szem\u00e9ly, aki egyed\u00fcl vagy m\u00e1sokkal egy\u00fctt meghat\u00e1rozza a szem\u00e9lyes adatok (pl. nevek, e-mail c\u00edmek stb.) feldolgoz\u00e1s\u00e1nak c\u00e9ljait \u00e9s eszk\u00f6zeit.<\/p>\n<h3>T\u00e1rol\u00e1si id\u0151tartam<\/h3>\n<p>Hacsak a jelen adatv\u00e9delmi szab\u00e1lyzatban nem hat\u00e1roztak meg egy k\u00fcl\u00f6nlegesebb t\u00e1rol\u00e1si id\u0151szakot, az \u00d6n szem\u00e9lyes adatai mindaddig n\u00e1lunk maradnak, am\u00edg az adatfeldolgoz\u00e1s c\u00e9lja meg nem sz\u0171nik. Ha \u00d6n indokolt t\u00f6rl\u00e9si k\u00e9relmet ny\u00fajt be, vagy visszavonja az adatkezel\u00e9shez adott hozz\u00e1j\u00e1rul\u00e1s\u00e1t, az adatait t\u00f6r\u00f6lj\u00fck, kiv\u00e9ve, ha m\u00e1s, jogilag megengedett okunk van az \u00d6n szem\u00e9lyes adatainak t\u00e1rol\u00e1s\u00e1ra (pl. ad\u00f3- vagy kereskedelmi t\u00f6rv\u00e9nyek szerinti meg\u0151rz\u00e9si id\u0151szakok); ez ut\u00f3bbi esetben az adatok t\u00f6rl\u00e9s\u00e9re azut\u00e1n ker\u00fcl sor, hogy ezek az okok m\u00e1r nem \u00e1llnak fenn.<\/p>\n<h3>\u00c1ltal\u00e1nos inform\u00e1ci\u00f3k a weboldalon t\u00f6rt\u00e9n\u0151 adatfeldolgoz\u00e1s jogalapj\u00e1r\u00f3l<\/h3>\n<p>Ha \u00d6n hozz\u00e1j\u00e1rult az adatkezel\u00e9shez, szem\u00e9lyes adatait a GDPR 6. (1) bekezd\u00e9s\u00e9nek bekezd\u00e9s\u00e9nek a) pontja vagy a GDPR 9. cikk (2) bekezd\u00e9s\u00e9nek a) pontja alapj\u00e1n kezelj\u00fck, ha a GDPR 9. . cikk (1) bekezd\u00e9se szerinti k\u00fcl\u00f6nleges adatkateg\u00f3ri\u00e1k feldolgoz\u00e1s\u00e1ra ker\u00fcl sor. A szem\u00e9lyes adatok harmadik orsz\u00e1gokba t\u00f6rt\u00e9n\u0151 tov\u00e1bb\u00edt\u00e1s\u00e1hoz val\u00f3 kifejezett hozz\u00e1j\u00e1rul\u00e1s eset\u00e9n az adatfeldolgoz\u00e1s szint\u00e9n a GDPR 49. (1) bekezd\u00e9s\u00e9nek bekezd\u00e9s\u00e9nek a) pontja alapj\u00e1n t\u00f6rt\u00e9nik. Ha \u00d6n hozz\u00e1j\u00e1rult a s\u00fctik t\u00e1rol\u00e1s\u00e1hoz vagy a v\u00e9gberendez\u00e9s\u00e9ben l\u00e9v\u0151 inform\u00e1ci\u00f3khoz val\u00f3 hozz\u00e1f\u00e9r\u00e9shez (pl. az eszk\u00f6z ujjlenyomat\u00e1nak r\u00f6gz\u00edt\u00e9s\u00e9vel), az adatfeldolgoz\u00e1s ezen fel\u00fcl a az \u00faj t\u00e1vk\u00f6zl\u00e9si telem\u00e9dia adatv\u00e9delmi t\u00f6rv\u00e9ny 25. \u00a7 (1) bekezd\u00e9se alapj\u00e1n t\u00f6rt\u00e9nik. Az \u00faj adatv\u00e9delmi t\u00f6rv\u00e9ny meghat\u00e1roz\u00e1sa szerint. A hozz\u00e1j\u00e1rul\u00e1s b\u00e1rmikor visszavonhat\u00f3. Ha az \u00d6n adataira szerz\u0151d\u00e9s teljes\u00edt\u00e9s\u00e9hez vagy szerz\u0151d\u00e9sk\u00f6t\u00e9st megel\u0151z\u0151 int\u00e9zked\u00e9sek v\u00e9grehajt\u00e1s\u00e1hoz van sz\u00fcks\u00e9g, az \u00d6n adatait a GDPR 6. (1) bekezd\u00e9s\u00e9nek bekezd\u00e9s\u00e9nek b) pontja alapj\u00e1n kezelj\u00fck. Tov\u00e1bb\u00e1, ha az \u00d6n adataira jogi k\u00f6telezetts\u00e9g teljes\u00edt\u00e9s\u00e9hez van sz\u00fcks\u00e9g, akkor azokat a GDPR 6. (1) bekezd\u00e9s\u00e9nek bekezd\u00e9s\u00e9nek c) pontja alapj\u00e1n kezelj\u00fck. Az adatfeldolgoz\u00e1s tov\u00e1bb\u00e1 a GDPR 6. (1) bekezd\u00e9s\u00e9nek bekezd\u00e9s\u00e9nek f) pontja szerinti jogos \u00e9rdek\u00fcnk alapj\u00e1n is elv\u00e9gezhet\u0151. Az egyes esetekre vonatkoz\u00f3 jogalapr\u00f3l a jelen adatv\u00e9delmi nyilatkozat k\u00f6vetkez\u0151 bekezd\u00e9sei ny\u00fajtanak t\u00e1j\u00e9koztat\u00e1st.<\/p>\n<h3>Az adatkezel\u00e9shez adott hozz\u00e1j\u00e1rul\u00e1s\u00e1nak visszavon\u00e1sa<\/h3>\n<p>Sz\u00e1mos adatfeldolgoz\u00e1si m\u0171velet csak az \u00d6n kifejezett hozz\u00e1j\u00e1rul\u00e1s\u00e1val lehets\u00e9ges. A m\u00e1r megadott hozz\u00e1j\u00e1rul\u00e1s\u00e1t b\u00e1rmikor visszavonhatja. A visszavon\u00e1sig v\u00e9gzett adatkezel\u00e9s jogszer\u0171s\u00e9g\u00e9t a visszavon\u00e1s nem \u00e9rinti.<\/p>\n<h3>Az adatgy\u0171jt\u00e9s elleni tiltakoz\u00e1s joga k\u00fcl\u00f6nleges esetekben \u00e9s a k\u00f6zvetlen \u00fczletszerz\u00e9s ellen (GDPR 21. cikk)<\/h3>\n<p>HA AZ ADATFELDOLGOZ\u00c1S AZ ART. 6 ABS. 1 LIT. E VAGY F GDPR, \u00d6N JOGOSULT ARRA, HOGY B\u00c1RMIKOR TILTAKOZZON SZEM\u00c9LYES ADATAINAK FELDOLGOZ\u00c1SA ELLEN AZ \u00d6N K\u00dcL\u00d6NLEGES HELYZET\u00c9B\u0150L ERED\u0150 OKOKB\u00d3L; EZ VONATKOZIK AZ E RENDELKEZ\u00c9SEKEN ALAPUL\u00d3 PROFILALKOT\u00c1SRA IS. A FELDOLGOZ\u00c1S JOGALAPJA A JELEN ADATV\u00c9DELMI NYILATKOZATBAN TAL\u00c1LHAT\u00d3. HA \u00d6N TILTAKOZIK, A TOV\u00c1BBIAKBAN NEM KEZELJ\u00dcK SZEM\u00c9LYES ADATAIT, KIV\u00c9VE, HA BIZONY\u00cdTANI TUDJUK, HOGY AZ ADATKEZEL\u00c9ST OLYAN K\u00c9NYSZER\u00cdT\u0150 EREJ\u0170 JOGOS OKOK INDOKOLJ\u00c1K, AMELYEK ELS\u0150BBS\u00c9GET \u00c9LVEZNEK AZ \u00d6N \u00c9RDEKEIVEL, JOGAIVAL \u00c9S SZABADS\u00c1GAIVAL SZEMBEN, VAGY HA AZ ADATKEZEL\u00c9S JOGI IG\u00c9NYEK EL\u0150TERJESZT\u00c9S\u00c9HEZ, \u00c9RV\u00c9NYES\u00cdT\u00c9S\u00c9HEZ VAGY V\u00c9DELM\u00c9HEZ SZ\u00dcKS\u00c9GES (A GDPR 21. CIKK\u00c9NEK (1) BEKEZD\u00c9SE SZERINTI TILTAKOZ\u00c1S).<\/p>\n<p>HA AZ \u00d6N SZEM\u00c9LYES ADATAIT K\u00d6ZVETLEN \u00dcZLETSZERZ\u00c9S C\u00c9LJ\u00c1B\u00d3L KEZELIK, \u00d6N JOGOSULT ARRA, HOGY B\u00c1RMIKOR TILTAKOZZON AZ \u00d6NRE VONATKOZ\u00d3 SZEM\u00c9LYES ADATOK ILYEN C\u00c9L\u00da KEZEL\u00c9SE ELLEN; EZ VONATKOZIK A PROFILALKOT\u00c1SRA IS, AMENNYIBEN AZ ILYEN K\u00d6ZVETLEN \u00dcZLETSZERZ\u00c9SHEZ KAPCSOL\u00d3DIK. HA \u00d6N TILTAKOZIK, AZ \u00d6N SZEM\u00c9LYES ADATAIT A TOV\u00c1BBIAKBAN NEM HASZN\u00c1LJUK FEL K\u00d6ZVETLEN \u00dcZLETSZERZ\u00c9S C\u00c9LJ\u00c1RA (A GDPR 21. CIKK (2) BEKEZD\u00c9SE SZERINTI TILTAKOZ\u00c1S).<\/p>\n<h3>Fellebbez\u00e9si jog az illet\u00e9kes fel\u00fcgyeleti hat\u00f3s\u00e1gn\u00e1l<\/h3>\n<p>A GDPR megs\u00e9rt\u00e9se eset\u00e9n az \u00e9rintettek jogorvoslattal \u00e9lhetnek a fel\u00fcgyeleti hat\u00f3s\u00e1gn\u00e1l, k\u00fcl\u00f6n\u00f6sen a szok\u00e1sos tart\u00f3zkod\u00e1si hely\u00fck, munkahely\u00fck vagy az \u00e1ll\u00edt\u00f3lagos jogs\u00e9rt\u00e9s helye szerinti tag\u00e1llamban. A jogorvoslati jog nem \u00e9rinti az egy\u00e9b k\u00f6zigazgat\u00e1si vagy b\u00edr\u00f3s\u00e1gi jogorvoslati lehet\u0151s\u00e9geket.<\/p>\n<h3>Adathordozhat\u00f3s\u00e1ghoz val\u00f3 jog<\/h3>\n<p>\u00d6nnek joga van ahhoz, hogy az \u00d6n hozz\u00e1j\u00e1rul\u00e1sa alapj\u00e1n vagy szerz\u0151d\u00e9s teljes\u00edt\u00e9se sor\u00e1n automatikusan feldolgozott adatokat k\u00f6z\u00f6s, g\u00e9ppel olvashat\u00f3 form\u00e1tumban \u00e1tadjuk \u00d6nnek vagy egy harmadik f\u00e9lnek. Ha \u00d6n az adatok k\u00f6zvetlen tov\u00e1bb\u00edt\u00e1s\u00e1t k\u00e9ri egy m\u00e1sik adatkezel\u0151nek, erre csak annyiban ker\u00fcl sor, amennyiben ez technikailag megval\u00f3s\u00edthat\u00f3.<\/p>\n<h3>SSL vagy TLS titkos\u00edt\u00e1s<\/h3>\n<p>Biztons\u00e1gi okokb\u00f3l \u00e9s a bizalmas tartalmak, p\u00e9ld\u00e1ul az \u00d6n \u00e1ltal nek\u00fcnk, mint a webhely \u00fczemeltet\u0151j\u00e9nek k\u00fcld\u00f6tt megrendel\u00e9sek vagy megkeres\u00e9sek tov\u00e1bb\u00edt\u00e1s\u00e1nak v\u00e9delme \u00e9rdek\u00e9ben ez a webhely SSL vagy TLS titkos\u00edt\u00e1st haszn\u00e1l. A titkos\u00edtott kapcsolatot onnan ismerheti fel, hogy a b\u00f6ng\u00e9sz\u0151 c\u00edmsor\u00e1ban a &#8222;http:\/\/&#8221; helyett &#8222;https:\/\/&#8221; szerepel, valamint a b\u00f6ng\u00e9sz\u0151 sor\u00e1ban megjelen\u0151 lakat szimb\u00f3lumr\u00f3l.<\/p>\n<p>Ha az SSL- vagy TLS-titkos\u00edt\u00e1s aktiv\u00e1lva van, az \u00d6n \u00e1ltal nek\u00fcnk tov\u00e1bb\u00edtott adatokat harmadik f\u00e9l nem tudja elolvasni.<\/p>\n<h3>T\u00e1j\u00e9koztat\u00e1s, t\u00f6rl\u00e9s \u00e9s helyesb\u00edt\u00e9s<\/h3>\n<p>Az alkalmazand\u00f3 jogi rendelkez\u00e9sek keretein bel\u00fcl \u00d6n b\u00e1rmikor jogosult arra, hogy ingyenes t\u00e1j\u00e9koztat\u00e1st kapjon a t\u00e1rolt szem\u00e9lyes adatair\u00f3l, azok eredet\u00e9r\u0151l \u00e9s c\u00edmzettj\u00e9r\u0151l, valamint az adatfeldolgoz\u00e1s c\u00e9lj\u00e1r\u00f3l, \u00e9s adott esetben jogosult ezen adatok helyesb\u00edt\u00e9s\u00e9re vagy t\u00f6rl\u00e9s\u00e9re. E c\u00e9lb\u00f3l \u00e9s a szem\u00e9lyes adatokkal kapcsolatos tov\u00e1bbi k\u00e9rd\u00e9seivel b\u00e1rmikor kapcsolatba l\u00e9phet vel\u00fcnk.<\/p>\n<h3>Az adatkezel\u00e9s korl\u00e1toz\u00e1s\u00e1hoz val\u00f3 jog<\/h3>\n<p>\u00d6n jogosult k\u00e9rni szem\u00e9lyes adatai feldolgoz\u00e1s\u00e1nak korl\u00e1toz\u00e1s\u00e1t. Ehhez b\u00e1rmikor kapcsolatba l\u00e9phet vel\u00fcnk. Az adatkezel\u00e9s korl\u00e1toz\u00e1s\u00e1hoz val\u00f3 jog a k\u00f6vetkez\u0151 esetekben \u00e1ll fenn:<\/p>\n<ul>\n<li>Ha vitatja az \u00e1ltalunk t\u00e1rolt szem\u00e9lyes adatainak pontoss\u00e1g\u00e1t, \u00e1ltal\u00e1ban id\u0151re van sz\u00fcks\u00e9g\u00fcnk ahhoz, hogy ezt ellen\u0151rizz\u00fck. Az ellen\u0151rz\u00e9s id\u0151tartama alatt \u00d6n jogosult k\u00e9rni szem\u00e9lyes adatai feldolgoz\u00e1s\u00e1nak korl\u00e1toz\u00e1s\u00e1t.<\/li>\n<li>Ha szem\u00e9lyes adatainak feldolgoz\u00e1sa jogellenesen t\u00f6rt\u00e9nt\/t\u00f6rt\u00e9nik, t\u00f6rl\u00e9s helyett k\u00e9rheti az adatkezel\u00e9s korl\u00e1toz\u00e1s\u00e1t.<\/li>\n<li>Ha m\u00e1r nincs sz\u00fcks\u00e9g\u00fcnk az \u00d6n szem\u00e9lyes adataira, de \u00d6nnek sz\u00fcks\u00e9ge van r\u00e1juk jogi ig\u00e9nyek \u00e9rv\u00e9nyes\u00edt\u00e9s\u00e9hez, v\u00e9delm\u00e9hez vagy \u00e9rv\u00e9nyes\u00edt\u00e9s\u00e9hez, joga van ahhoz, hogy t\u00f6rl\u00e9s helyett k\u00e9rje szem\u00e9lyes adatai feldolgoz\u00e1s\u00e1nak korl\u00e1toz\u00e1s\u00e1t.<\/li>\n<li>Ha \u00d6n a GDPR 21. cikk\u00e9nek (1) bekezd\u00e9se alapj\u00e1n tiltakoz\u00e1st ny\u00fajtott be, az \u00d6n \u00e9s a mi \u00e9rdekeink k\u00f6z\u00f6tti egyens\u00falyt kell elv\u00e9gezni. Am\u00edg nem \u00e1llap\u00edtott\u00e1k meg, hogy kinek az \u00e9rdekei \u00e9rv\u00e9nyes\u00fclnek, \u00d6n jogosult k\u00e9rni szem\u00e9lyes adatai feldolgoz\u00e1s\u00e1nak korl\u00e1toz\u00e1s\u00e1t.<\/li>\n<\/ul>\n<p>Ha \u00d6n korl\u00e1tozta szem\u00e9lyes adatainak feldolgoz\u00e1s\u00e1t, akkor ezeket az adatokat &#8211; a t\u00e1rol\u00e1son k\u00edv\u00fcl &#8211; csak az \u00d6n hozz\u00e1j\u00e1rul\u00e1s\u00e1val, illetve jogi ig\u00e9nyek el\u0151terjeszt\u00e9se, \u00e9rv\u00e9nyes\u00edt\u00e9se vagy v\u00e9delme \u00e9rdek\u00e9ben, vagy m\u00e1s term\u00e9szetes vagy jogi szem\u00e9ly jogainak v\u00e9delme \u00e9rdek\u00e9ben, vagy az Eur\u00f3pai Uni\u00f3 vagy valamely tag\u00e1llam fontos k\u00f6z\u00e9rdek\u00e9b\u0151l lehet feldolgozni.<\/p>\n<h2>4. Adatgy\u0171jt\u00e9s ezen a weboldalon<\/h2>\n<h3>S\u00fctik<\/h3>\n<p>Internetes oldalaink \u00fagynevezett &#8222;s\u00fctiket&#8221; haszn\u00e1lnak. A s\u00fctik kis sz\u00f6veges f\u00e1jlok, \u00e9s nem okoznak k\u00e1rt a felhaszn\u00e1l\u00f3i eszk\u00f6zben. Ezeket vagy ideiglenesen, a munkamenet id\u0151tartam\u00e1ra (munkamenet-s\u00fctik) vagy v\u00e9glegesen (\u00e1lland\u00f3 s\u00fctik) t\u00e1rolj\u00e1k az \u00d6n eszk\u00f6z\u00e9n. A munkamenet s\u00fctik a l\u00e1togat\u00e1s v\u00e9g\u00e9n automatikusan t\u00f6rl\u0151dnek. Az \u00e1lland\u00f3 s\u00fctik mindaddig az \u00d6n v\u00e9gberendez\u00e9s\u00e9n maradnak, am\u00edg \u00d6n maga nem t\u00f6rli \u0151ket, vagy am\u00edg a webb\u00f6ng\u00e9sz\u0151 automatikusan nem t\u00f6rli \u0151ket.<\/p>\n<p>Bizonyos esetekben harmadik f\u00e9lt\u0151l sz\u00e1rmaz\u00f3 s\u00fctik is t\u00e1rol\u00f3dhatnak az \u00d6n eszk\u00f6z\u00e9n, amikor \u00d6n bel\u00e9p a weboldalunkra (harmadik f\u00e9lt\u0151l sz\u00e1rmaz\u00f3 s\u00fctik). Ezek lehet\u0151v\u00e9 teszik sz\u00e1munkra vagy az \u00d6n sz\u00e1m\u00e1ra, hogy a harmadik f\u00e9l v\u00e1llalat bizonyos szolg\u00e1ltat\u00e1sait ig\u00e9nybe vehess\u00fck (pl. a fizet\u00e9si szolg\u00e1ltat\u00e1sok feldolgoz\u00e1s\u00e1hoz sz\u00fcks\u00e9ges cookie-k).<\/p>\n<p>A s\u00fctiknek k\u00fcl\u00f6nb\u00f6z\u0151 funkci\u00f3i vannak. Sz\u00e1mos s\u00fcti technikailag sz\u00fcks\u00e9ges, mivel a weboldal bizonyos funkci\u00f3i nem m\u0171k\u00f6dn\u00e9nek n\u00e9lk\u00fcl\u00fck (pl. a bev\u00e1s\u00e1rl\u00f3kos\u00e1r funkci\u00f3 vagy a vide\u00f3k megjelen\u00edt\u00e9se). M\u00e1s s\u00fctiket a felhaszn\u00e1l\u00f3i viselked\u00e9s \u00e9rt\u00e9kel\u00e9s\u00e9re vagy rekl\u00e1mok megjelen\u00edt\u00e9s\u00e9re haszn\u00e1lnak.<\/p>\n<p>Az elektronikus kommunik\u00e1ci\u00f3s folyamat lebonyol\u00edt\u00e1s\u00e1hoz, az \u00d6n \u00e1ltal k\u00edv\u00e1nt bizonyos funkci\u00f3k (pl. a kos\u00e1r funkci\u00f3hoz) vagy a weboldal optimaliz\u00e1l\u00e1s\u00e1hoz (pl. a webes k\u00f6z\u00f6ns\u00e9g m\u00e9r\u00e9s\u00e9re szolg\u00e1l\u00f3 cookie-k) sz\u00fcks\u00e9ges cookie-kat (sz\u00fcks\u00e9ges cookie-k) a GDPR 6. (1) bekezd\u00e9s\u00e9nek bekezd\u00e9s\u00e9nek f) pontja alapj\u00e1n t\u00e1roljuk, kiv\u00e9ve, ha m\u00e1s jogalapot jel\u00f6l\u00fcnk meg. A weboldal \u00fczemeltet\u0151j\u00e9nek jogos \u00e9rdeke f\u0171z\u0151dik ahhoz, hogy a szolg\u00e1ltat\u00e1sainak technikailag hibamentes \u00e9s optimaliz\u00e1lt ny\u00fajt\u00e1s\u00e1hoz sz\u00fcks\u00e9ges cookie-kat t\u00e1rolja. Ha a cookie-k \u00e9s hasonl\u00f3 felismer\u00e9si technol\u00f3gi\u00e1k t\u00e1rol\u00e1s\u00e1hoz hozz\u00e1j\u00e1rul\u00e1st k\u00e9rtek, a feldolgoz\u00e1s kiz\u00e1r\u00f3lag e hozz\u00e1j\u00e1rul\u00e1s alapj\u00e1n t\u00f6rt\u00e9nik (GDPR 6. cikk (1) bekezd\u00e9s a) pont \u00e9s \u00faj adatv\u00e9delmi t\u00f6rv\u00e9ny 25. cikk (1) bekezd\u00e9s); a hozz\u00e1j\u00e1rul\u00e1s b\u00e1rmikor visszavonhat\u00f3.<\/p>\n<p>Be\u00e1ll\u00edthatja b\u00f6ng\u00e9sz\u0151j\u00e9t \u00fagy, hogy t\u00e1j\u00e9koztass\u00e1k a s\u00fctik be\u00e1ll\u00edt\u00e1s\u00e1r\u00f3l, \u00e9s csak egyedi esetekben enged\u00e9lyezze a s\u00fctiket, kiz\u00e1rhatja a s\u00fctik elfogad\u00e1s\u00e1t bizonyos esetekben vagy \u00e1ltal\u00e1ban, \u00e9s aktiv\u00e1lhatja a s\u00fctik automatikus t\u00f6rl\u00e9s\u00e9t a b\u00f6ng\u00e9sz\u0151 bez\u00e1r\u00e1sakor. Ha kikapcsolja a s\u00fctiket, a weboldal m\u0171k\u00f6d\u00e9se korl\u00e1tozott lehet.<\/p>\n<p>Amennyiben harmadik f\u00e9l \u00e1ltal vagy elemz\u00e9si c\u00e9llal s\u00fctiket haszn\u00e1lnak, err\u0151l k\u00fcl\u00f6n t\u00e1j\u00e9koztatjuk \u00d6nt a jelen adatv\u00e9delmi nyilatkozat keret\u00e9ben, \u00e9s sz\u00fcks\u00e9g eset\u00e9n k\u00e9rj\u00fck az \u00d6n hozz\u00e1j\u00e1rul\u00e1s\u00e1t.<\/p>\n<h3>Kiszolg\u00e1l\u00f3i napl\u00f3f\u00e1jlok<\/h3>\n<p>Az oldalak szolg\u00e1ltat\u00f3ja automatikusan inform\u00e1ci\u00f3kat gy\u0171jt \u00e9s t\u00e1rol az \u00fagynevezett szervernapl\u00f3f\u00e1jlokban, amelyeket az \u00d6n b\u00f6ng\u00e9sz\u0151je automatikusan tov\u00e1bb\u00edt nek\u00fcnk. Ezek a k\u00f6vetkez\u0151k:<\/p>\n<ul>\n<li>b\u00f6ng\u00e9sz\u0151 t\u00edpusa \u00e9s verzi\u00f3ja<\/li>\n<li>Haszn\u00e1lt oper\u00e1ci\u00f3s rendszer<\/li>\n<li>hivatkoz\u00f3 URL c\u00edme<\/li>\n<li>A hozz\u00e1f\u00e9r\u0151 sz\u00e1m\u00edt\u00f3g\u00e9p gazdaneve<\/li>\n<li>A kiszolg\u00e1l\u00f3i k\u00e9r\u00e9s id\u0151pontja<\/li>\n<li>IP-c\u00edm<\/li>\n<\/ul>\n<p>Ezeket az adatokat nem egyes\u00edtik m\u00e1s adatforr\u00e1sokkal.<\/p>\n<p>Ezen adatok gy\u0171jt\u00e9se a GDPR 6. (1) bekezd\u00e9s\u00e9nek f) pontj\u00e1n alapul. A weboldal \u00fczemeltet\u0151j\u00e9nek jogos \u00e9rdeke a weboldal technikailag hibamentes megjelen\u00edt\u00e9se \u00e9s optimaliz\u00e1l\u00e1sa &#8211; ebb\u0151l a c\u00e9lb\u00f3l a szervernapl\u00f3f\u00e1jlok gy\u0171jt\u00e9se sz\u00fcks\u00e9ges.<\/p>\n<h3>Kapcsolatfelv\u00e9teli \u0171rlap<\/h3>\n<p>Ha a kapcsolatfelv\u00e9teli \u0171rlapon kereszt\u00fcl k\u00fcld nek\u00fcnk megkeres\u00e9st, a megkeres\u00e9si \u0171rlapon megadott adatait, bele\u00e9rtve az ott megadott el\u00e9rhet\u0151s\u00e9gi adatokat is, a megkeres\u00e9s feldolgoz\u00e1sa c\u00e9lj\u00e1b\u00f3l \u00e9s a tov\u00e1bbi k\u00e9rd\u00e9sek eset\u00e9n t\u00e1roljuk. Ezeket az adatokat az \u00d6n hozz\u00e1j\u00e1rul\u00e1sa n\u00e9lk\u00fcl nem adjuk tov\u00e1bb.<\/p>\n<p>Ezen adatok feldolgoz\u00e1sa a GDPR 6. (1) bekezd\u00e9s\u00e9nek bekezd\u00e9s\u00e9nek b) pontj\u00e1n alapul, amennyiben az \u00d6n k\u00e9r\u00e9se szerz\u0151d\u00e9s teljes\u00edt\u00e9s\u00e9hez kapcsol\u00f3dik, vagy szerz\u0151d\u00e9sk\u00f6t\u00e9st megel\u0151z\u0151 int\u00e9zked\u00e9sek v\u00e9grehajt\u00e1s\u00e1hoz sz\u00fcks\u00e9ges. Minden m\u00e1s esetben az adatkezel\u00e9s a hozz\u00e1nk int\u00e9zett megkeres\u00e9sek hat\u00e9kony feldolgoz\u00e1s\u00e1hoz f\u0171z\u0151d\u0151 jogos \u00e9rdek\u00fcnk\u00f6n (GDPR 6. cikk (1) bekezd\u00e9s f) pontja) vagy az \u00d6n hozz\u00e1j\u00e1rul\u00e1s\u00e1n (GDPR 6. cikk (1) bekezd\u00e9s a) pontja) alapul, ha ezt k\u00e9rt\u00e9k; a hozz\u00e1j\u00e1rul\u00e1s b\u00e1rmikor visszavonhat\u00f3.<\/p>\n<p>A kapcsolatfelv\u00e9teli \u0171rlapon megadott adatok mindaddig n\u00e1lunk maradnak, am\u00edg \u00d6n nem k\u00e9ri azok t\u00f6rl\u00e9s\u00e9t, nem vonja vissza az adatok t\u00e1rol\u00e1s\u00e1hoz adott hozz\u00e1j\u00e1rul\u00e1s\u00e1t, vagy am\u00edg az adatok t\u00e1rol\u00e1s\u00e1nak c\u00e9lja nem sz\u0171nik meg (pl. miut\u00e1n befejezt\u00fck a megkeres\u00e9se feldolgoz\u00e1s\u00e1t). A k\u00f6telez\u0151 jogi rendelkez\u00e9sek &#8211; k\u00fcl\u00f6n\u00f6sen a meg\u0151rz\u00e9si id\u0151szakok &#8211; nem v\u00e1ltoznak.<\/p>\n<h3>K\u00e9relem e-mailben, telefonon vagy faxon<\/h3>\n<p>Ha e-mailben, telefonon vagy faxon l\u00e9p vel\u00fcnk kapcsolatba, az \u00d6n megkeres\u00e9s\u00e9t, bele\u00e9rtve az \u00f6sszes ebb\u0151l sz\u00e1rmaz\u00f3 szem\u00e9lyes adatot (n\u00e9v, megkeres\u00e9s), k\u00e9r\u00e9s\u00e9nek feldolgoz\u00e1sa c\u00e9lj\u00e1b\u00f3l t\u00e1roljuk \u00e9s feldolgozzuk. Ezeket az adatokat az \u00d6n hozz\u00e1j\u00e1rul\u00e1sa n\u00e9lk\u00fcl nem adjuk tov\u00e1bb.<\/p>\n<p>Ezen adatok feldolgoz\u00e1sa a GDPR 6. (1) bekezd\u00e9s\u00e9nek bekezd\u00e9s\u00e9nek b) pontj\u00e1n alapul, amennyiben az \u00d6n k\u00e9r\u00e9se szerz\u0151d\u00e9s teljes\u00edt\u00e9s\u00e9hez kapcsol\u00f3dik, vagy szerz\u0151d\u00e9sk\u00f6t\u00e9st megel\u0151z\u0151 int\u00e9zked\u00e9sek v\u00e9grehajt\u00e1s\u00e1hoz sz\u00fcks\u00e9ges. Minden m\u00e1s esetben az adatkezel\u00e9s a hozz\u00e1nk int\u00e9zett megkeres\u00e9sek hat\u00e9kony feldolgoz\u00e1s\u00e1hoz f\u0171z\u0151d\u0151 jogos \u00e9rdek\u00fcnk\u00f6n (GDPR 6. cikk (1) bekezd\u00e9s f) pontja) vagy az \u00d6n hozz\u00e1j\u00e1rul\u00e1s\u00e1n (GDPR 6. cikk (1) bekezd\u00e9s a) pontja) alapul, ha ezt k\u00e9rt\u00e9k; a hozz\u00e1j\u00e1rul\u00e1s b\u00e1rmikor visszavonhat\u00f3.<\/p>\n<p>A kapcsolattart\u00e1si k\u00e9r\u00e9seken kereszt\u00fcl k\u00fcld\u00f6tt adatok mindaddig n\u00e1lunk maradnak, am\u00edg \u00d6n nem k\u00e9ri azok t\u00f6rl\u00e9s\u00e9t, nem vonja vissza az adatok t\u00e1rol\u00e1s\u00e1hoz adott hozz\u00e1j\u00e1rul\u00e1s\u00e1t, vagy am\u00edg az adatok t\u00e1rol\u00e1s\u00e1nak c\u00e9lja m\u00e1r nem sz\u0171nik meg (pl. a k\u00e9r\u00e9s\u00e9nek feldolgoz\u00e1sa ut\u00e1n). A k\u00f6telez\u0151 t\u00f6rv\u00e9nyi rendelkez\u00e9sek &#8211; k\u00fcl\u00f6n\u00f6sen a t\u00f6rv\u00e9nyben el\u0151\u00edrt meg\u0151rz\u00e9si id\u0151szakok &#8211; nem \u00e9rintik.<\/p>\n<h2>5. Pluginok \u00e9s eszk\u00f6z\u00f6k<\/h2>\n<h3>Google Web Fonts (helyi t\u00e1rhely)<\/h3>\n<p>Ez az oldal a Google \u00e1ltal biztos\u00edtott \u00fagynevezett webes bet\u0171t\u00edpusokat haszn\u00e1lja a bet\u0171t\u00edpusok egys\u00e9ges megjelen\u00edt\u00e9s\u00e9hez. A Google bet\u0171t\u00edpusok helyileg vannak telep\u00edtve. Nincs kapcsolat a Google szervereivel.<\/p>\n<p>A Google webes bet\u0171t\u00edpusokkal kapcsolatos tov\u00e1bbi inform\u00e1ci\u00f3k a <a href=\"https:\/\/developers.google.com\/fonts\/faq\" target=\"_blank\" rel=\"noopener noreferrer\">https:\/\/developers.google.com\/fonts\/faq<\/a> c\u00edmen \u00e9s a Google adatv\u00e9delmi nyilatkozat\u00e1ban tal\u00e1lhat\u00f3k: <a href=\"https:\/\/policies.google.com\/privacy?hl=de\" target=\"_blank\" rel=\"noopener noreferrer\">https:\/\/policies.google.com\/privacy?hl=de<\/a>.<\/p>\n<p>[\/et_pb_text][\/et_pb_column][\/et_pb_row][\/et_pb_section]<\/p>\n","protected":false},"excerpt":{"rendered":"<p>1. Adatv\u00e9delem \u00e1ttekint\u00e9s \u00c1ltal\u00e1nos inform\u00e1ci\u00f3k Az al\u00e1bbi inform\u00e1ci\u00f3k egyszer\u0171 \u00e1ttekint\u00e9st ny\u00fajtanak arr\u00f3l, hogy mi t\u00f6rt\u00e9nik az \u00d6n szem\u00e9lyes adataival, amikor megl\u00e1togatja ezt a weboldalt. Szem\u00e9lyes adatnak min\u0151s\u00fcl minden olyan adat, amely alapj\u00e1n \u00d6n szem\u00e9lyesen azonos\u00edthat\u00f3. Az adatv\u00e9delemmel kapcsolatos r\u00e9szletesebb inform\u00e1ci\u00f3k\u00e9rt k\u00e9rj\u00fck, olvassa el a jelen sz\u00f6veg alatt tal\u00e1lhat\u00f3 adatv\u00e9delmi nyilatkozatunkat. Adatgy\u0171jt\u00e9s ezen a weboldalon Ki [&hellip;]<\/p>\n","protected":false},"author":3,"featured_media":0,"parent":0,"menu_order":0,"comment_status":"closed","ping_status":"open","template":"","meta":{"_et_pb_use_builder":"on","_et_pb_old_content":"","_et_gb_content_width":"","footnotes":""},"class_list":["post-141","page","type-page","status-publish","hentry"],"yoast_head":"<!-- This site is optimized with the Yoast SEO plugin v24.7 - https:\/\/yoast.com\/wordpress\/plugins\/seo\/ -->\n<title>Adatv\u00e9delem - Logo Rent<\/title>\n<meta name=\"robots\" content=\"index, follow, max-snippet:-1, max-image-preview:large, max-video-preview:-1\" \/>\n<link rel=\"canonical\" href=\"http:\/\/logo-rent.com\/hu\/adat-vedelem\/\" \/>\n<meta property=\"og:locale\" content=\"hu_HU\" \/>\n<meta property=\"og:type\" content=\"article\" \/>\n<meta property=\"og:title\" content=\"Adatv\u00e9delem - Logo Rent\" \/>\n<meta property=\"og:description\" content=\"1. Adatv\u00e9delem \u00e1ttekint\u00e9s \u00c1ltal\u00e1nos inform\u00e1ci\u00f3k Az al\u00e1bbi inform\u00e1ci\u00f3k egyszer\u0171 \u00e1ttekint\u00e9st ny\u00fajtanak arr\u00f3l, hogy mi t\u00f6rt\u00e9nik az \u00d6n szem\u00e9lyes adataival, amikor megl\u00e1togatja ezt a weboldalt. Szem\u00e9lyes adatnak min\u0151s\u00fcl minden olyan adat, amely alapj\u00e1n \u00d6n szem\u00e9lyesen azonos\u00edthat\u00f3. Az adatv\u00e9delemmel kapcsolatos r\u00e9szletesebb inform\u00e1ci\u00f3k\u00e9rt k\u00e9rj\u00fck, olvassa el a jelen sz\u00f6veg alatt tal\u00e1lhat\u00f3 adatv\u00e9delmi nyilatkozatunkat. Adatgy\u0171jt\u00e9s ezen a weboldalon Ki [&hellip;]\" \/>\n<meta property=\"og:url\" content=\"http:\/\/logo-rent.com\/hu\/adat-vedelem\/\" \/>\n<meta property=\"og:site_name\" content=\"Logo Rent\" \/>\n<meta property=\"article:modified_time\" content=\"2022-03-01T13:10:58+00:00\" \/>\n<meta property=\"og:image\" content=\"http:\/\/logo-rent.com\/wp-content\/uploads\/logo-rent-1400x898.png\" \/>\n\t<meta property=\"og:image:width\" content=\"1400\" \/>\n\t<meta property=\"og:image:height\" content=\"898\" \/>\n\t<meta property=\"og:image:type\" content=\"image\/png\" \/>\n<meta name=\"twitter:card\" content=\"summary_large_image\" \/>\n<meta name=\"twitter:label1\" content=\"Becs\u00fclt olvas\u00e1si id\u0151\" \/>\n\t<meta name=\"twitter:data1\" content=\"19 perc\" \/>\n<script type=\"application\/ld+json\" class=\"yoast-schema-graph\">{\"@context\":\"https:\/\/schema.org\",\"@graph\":[{\"@type\":\"WebPage\",\"@id\":\"http:\/\/logo-rent.com\/hu\/adat-vedelem\/\",\"url\":\"http:\/\/logo-rent.com\/hu\/adat-vedelem\/\",\"name\":\"Adatv\u00e9delem - Logo Rent\",\"isPartOf\":{\"@id\":\"http:\/\/logo-rent.com\/hu\/#website\"},\"datePublished\":\"2022-01-18T14:52:09+00:00\",\"dateModified\":\"2022-03-01T13:10:58+00:00\",\"breadcrumb\":{\"@id\":\"http:\/\/logo-rent.com\/hu\/adat-vedelem\/#breadcrumb\"},\"inLanguage\":\"hu\",\"potentialAction\":[{\"@type\":\"ReadAction\",\"target\":[\"http:\/\/logo-rent.com\/hu\/adat-vedelem\/\"]}]},{\"@type\":\"BreadcrumbList\",\"@id\":\"http:\/\/logo-rent.com\/hu\/adat-vedelem\/#breadcrumb\",\"itemListElement\":[{\"@type\":\"ListItem\",\"position\":1,\"name\":\"Startseite\",\"item\":\"http:\/\/logo-rent.com\/hu\/\"},{\"@type\":\"ListItem\",\"position\":2,\"name\":\"Adatv\u00e9delem\"}]},{\"@type\":\"WebSite\",\"@id\":\"http:\/\/logo-rent.com\/hu\/#website\",\"url\":\"http:\/\/logo-rent.com\/hu\/\",\"name\":\"Logo Rent\",\"description\":\"K\u00fchltrailer in Ungarn mieten\",\"publisher\":{\"@id\":\"http:\/\/logo-rent.com\/hu\/#organization\"},\"potentialAction\":[{\"@type\":\"SearchAction\",\"target\":{\"@type\":\"EntryPoint\",\"urlTemplate\":\"http:\/\/logo-rent.com\/hu\/?s={search_term_string}\"},\"query-input\":{\"@type\":\"PropertyValueSpecification\",\"valueRequired\":true,\"valueName\":\"search_term_string\"}}],\"inLanguage\":\"hu\"},{\"@type\":\"Organization\",\"@id\":\"http:\/\/logo-rent.com\/hu\/#organization\",\"name\":\"Logo Rent\",\"url\":\"http:\/\/logo-rent.com\/hu\/\",\"logo\":{\"@type\":\"ImageObject\",\"inLanguage\":\"hu\",\"@id\":\"http:\/\/logo-rent.com\/hu\/#\/schema\/logo\/image\/\",\"url\":\"http:\/\/logo-rent.com\/wp-content\/uploads\/logo-rent.jpg\",\"contentUrl\":\"http:\/\/logo-rent.com\/wp-content\/uploads\/logo-rent.jpg\",\"width\":500,\"height\":117,\"caption\":\"Logo Rent\"},\"image\":{\"@id\":\"http:\/\/logo-rent.com\/hu\/#\/schema\/logo\/image\/\"}}]}<\/script>\n<!-- \/ Yoast SEO plugin. -->","yoast_head_json":{"title":"Adatv\u00e9delem - Logo Rent","robots":{"index":"index","follow":"follow","max-snippet":"max-snippet:-1","max-image-preview":"max-image-preview:large","max-video-preview":"max-video-preview:-1"},"canonical":"http:\/\/logo-rent.com\/hu\/adat-vedelem\/","og_locale":"hu_HU","og_type":"article","og_title":"Adatv\u00e9delem - Logo Rent","og_description":"1. Adatv\u00e9delem \u00e1ttekint\u00e9s \u00c1ltal\u00e1nos inform\u00e1ci\u00f3k Az al\u00e1bbi inform\u00e1ci\u00f3k egyszer\u0171 \u00e1ttekint\u00e9st ny\u00fajtanak arr\u00f3l, hogy mi t\u00f6rt\u00e9nik az \u00d6n szem\u00e9lyes adataival, amikor megl\u00e1togatja ezt a weboldalt. Szem\u00e9lyes adatnak min\u0151s\u00fcl minden olyan adat, amely alapj\u00e1n \u00d6n szem\u00e9lyesen azonos\u00edthat\u00f3. Az adatv\u00e9delemmel kapcsolatos r\u00e9szletesebb inform\u00e1ci\u00f3k\u00e9rt k\u00e9rj\u00fck, olvassa el a jelen sz\u00f6veg alatt tal\u00e1lhat\u00f3 adatv\u00e9delmi nyilatkozatunkat. Adatgy\u0171jt\u00e9s ezen a weboldalon Ki [&hellip;]","og_url":"http:\/\/logo-rent.com\/hu\/adat-vedelem\/","og_site_name":"Logo Rent","article_modified_time":"2022-03-01T13:10:58+00:00","og_image":[{"width":1400,"height":898,"url":"http:\/\/logo-rent.com\/wp-content\/uploads\/logo-rent-1400x898.png","type":"image\/png"}],"twitter_card":"summary_large_image","twitter_misc":{"Becs\u00fclt olvas\u00e1si id\u0151":"19 perc"},"schema":{"@context":"https:\/\/schema.org","@graph":[{"@type":"WebPage","@id":"http:\/\/logo-rent.com\/hu\/adat-vedelem\/","url":"http:\/\/logo-rent.com\/hu\/adat-vedelem\/","name":"Adatv\u00e9delem - Logo Rent","isPartOf":{"@id":"http:\/\/logo-rent.com\/hu\/#website"},"datePublished":"2022-01-18T14:52:09+00:00","dateModified":"2022-03-01T13:10:58+00:00","breadcrumb":{"@id":"http:\/\/logo-rent.com\/hu\/adat-vedelem\/#breadcrumb"},"inLanguage":"hu","potentialAction":[{"@type":"ReadAction","target":["http:\/\/logo-rent.com\/hu\/adat-vedelem\/"]}]},{"@type":"BreadcrumbList","@id":"http:\/\/logo-rent.com\/hu\/adat-vedelem\/#breadcrumb","itemListElement":[{"@type":"ListItem","position":1,"name":"Startseite","item":"http:\/\/logo-rent.com\/hu\/"},{"@type":"ListItem","position":2,"name":"Adatv\u00e9delem"}]},{"@type":"WebSite","@id":"http:\/\/logo-rent.com\/hu\/#website","url":"http:\/\/logo-rent.com\/hu\/","name":"Logo Rent","description":"K\u00fchltrailer in Ungarn mieten","publisher":{"@id":"http:\/\/logo-rent.com\/hu\/#organization"},"potentialAction":[{"@type":"SearchAction","target":{"@type":"EntryPoint","urlTemplate":"http:\/\/logo-rent.com\/hu\/?s={search_term_string}"},"query-input":{"@type":"PropertyValueSpecification","valueRequired":true,"valueName":"search_term_string"}}],"inLanguage":"hu"},{"@type":"Organization","@id":"http:\/\/logo-rent.com\/hu\/#organization","name":"Logo Rent","url":"http:\/\/logo-rent.com\/hu\/","logo":{"@type":"ImageObject","inLanguage":"hu","@id":"http:\/\/logo-rent.com\/hu\/#\/schema\/logo\/image\/","url":"http:\/\/logo-rent.com\/wp-content\/uploads\/logo-rent.jpg","contentUrl":"http:\/\/logo-rent.com\/wp-content\/uploads\/logo-rent.jpg","width":500,"height":117,"caption":"Logo Rent"},"image":{"@id":"http:\/\/logo-rent.com\/hu\/#\/schema\/logo\/image\/"}}]}},"_links":{"self":[{"href":"http:\/\/logo-rent.com\/hu\/wp-json\/wp\/v2\/pages\/141","targetHints":{"allow":["GET"]}}],"collection":[{"href":"http:\/\/logo-rent.com\/hu\/wp-json\/wp\/v2\/pages"}],"about":[{"href":"http:\/\/logo-rent.com\/hu\/wp-json\/wp\/v2\/types\/page"}],"author":[{"embeddable":true,"href":"http:\/\/logo-rent.com\/hu\/wp-json\/wp\/v2\/users\/3"}],"replies":[{"embeddable":true,"href":"http:\/\/logo-rent.com\/hu\/wp-json\/wp\/v2\/comments?post=141"}],"version-history":[{"count":7,"href":"http:\/\/logo-rent.com\/hu\/wp-json\/wp\/v2\/pages\/141\/revisions"}],"predecessor-version":[{"id":185,"href":"http:\/\/logo-rent.com\/hu\/wp-json\/wp\/v2\/pages\/141\/revisions\/185"}],"wp:attachment":[{"href":"http:\/\/logo-rent.com\/hu\/wp-json\/wp\/v2\/media?parent=141"}],"curies":[{"name":"wp","href":"https:\/\/api.w.org\/{rel}","templated":true}]}}