{"id":156,"date":"2022-02-14T15:06:41","date_gmt":"2022-02-14T14:06:41","guid":{"rendered":"http:\/\/logo-rent.com\/jogi-feltetelek\/"},"modified":"2022-03-01T14:10:27","modified_gmt":"2022-03-01T13:10:27","slug":"jogi-feltetelek","status":"publish","type":"page","link":"http:\/\/logo-rent.com\/hu\/jogi-feltetelek\/","title":{"rendered":"Jogi felt\u00e9telek"},"content":{"rendered":"<p>[et_pb_section fb_built=&#8221;1&#8243; fullwidth=&#8221;on&#8221; _builder_version=&#8221;4.14.6&#8243; _module_preset=&#8221;default&#8221; global_colors_info=&#8221;{}&#8221;][et_pb_fullwidth_header _builder_version=&#8221;4.14.7&#8243; _module_preset=&#8221;default&#8221; background_image=&#8221;http:\/\/logo-rent.com\/wp-content\/uploads\/logo-rent.png&#8221; height=&#8221;600px&#8221; hover_enabled=&#8221;0&#8243; global_colors_info=&#8221;{}&#8221; title_text=&#8221;logo-rent&#8221; sticky_enabled=&#8221;0&#8243;][\/et_pb_fullwidth_header][\/et_pb_section][et_pb_section fb_built=&#8221;1&#8243; _builder_version=&#8221;3.22&#8243; global_colors_info=&#8221;{}&#8221;][et_pb_row _builder_version=&#8221;3.25&#8243; background_size=&#8221;initial&#8221; background_position=&#8221;top_left&#8221; background_repeat=&#8221;repeat&#8221; global_colors_info=&#8221;{}&#8221;][et_pb_column type=&#8221;4_4&#8243; _builder_version=&#8221;3.25&#8243; custom_padding=&#8221;|||&#8221; global_colors_info=&#8221;{}&#8221; custom_padding__hover=&#8221;|||&#8221;][et_pb_post_title meta=&#8221;off&#8221; featured_image=&#8221;off&#8221; text_color=&#8221;light&#8221; text_background=&#8221;on&#8221; text_bg_color=&#8221;#FE4902&#8243; _builder_version=&#8221;4.14.6&#8243; _module_preset=&#8221;default&#8221; background_color=&#8221;#FE4902&#8243; custom_margin=&#8221;||||false|false&#8221; custom_padding=&#8221;9px||||false|false&#8221; global_colors_info=&#8221;{}&#8221;][\/et_pb_post_title][\/et_pb_column][\/et_pb_row][et_pb_row _builder_version=&#8221;4.14.7&#8243; _module_preset=&#8221;default&#8221; global_colors_info=&#8221;{}&#8221;][et_pb_column type=&#8221;4_4&#8243; _builder_version=&#8221;4.14.7&#8243; _module_preset=&#8221;default&#8221; global_colors_info=&#8221;{}&#8221;][et_pb_text _builder_version=&#8221;4.14.7&#8243; _module_preset=&#8221;default&#8221; global_colors_info=&#8221;{}&#8221;]<b>1. A b\u00e9relt p\u00f3tkocsik begy\u0171jt\u00e9se \u00e9s visszaszolg\u00e1ltat\u00e1sa<\/b><br \/>\nA b\u00e9rl\u0151 felel\u0151ss\u00e9get v\u00e1llal az\u00e9rt, hogy az \u00e1ltala a begy\u0171jt\u00e9ssel kapcsolatban megb\u00edzott b\u00e1rmely szem\u00e9lyt felhatalmazza a b\u00e9rleti felt\u00e9telek \u00e9s a b\u00e9rleti szerz\u0151d\u00e9sek al\u00e1\u00edr\u00e1s\u00e1ra \u00e9s elfogad\u00e1s\u00e1ra. A b\u00e9rl\u0151 v\u00e1llalja, hogy az ezen szem\u00e9ly \u00e1ltal a nev\u00e9ben a tulajdonos fel\u00e9 tett valamennyi nyilatkozatot jogilag k\u00f6telez\u0151nek fogadja el mag\u00e1ra n\u00e9zve, \u00e9s lemond a felhatalmaz\u00e1s hat\u00e1ly\u00e1nak a tulajdonos \u00e1ltali fel\u00fclvizsg\u00e1lat\u00e1r\u00f3l. Ha a b\u00e9rbead\u00f3 a b\u00e9rl\u0151nek a j\u00e1rm\u0171 kiad\u00e1s\u00e1hoz hivatkoz\u00e1si sz\u00e1mot vagy nevet ad meg, a b\u00e9rl\u0151 minden esetben beleegyezik abba, hogy a j\u00e1rm\u0171vet annak a szem\u00e9lynek adj\u00e1k ki, aki a hivatkoz\u00e1si sz\u00e1mot vagy a nevet a kauci\u00f3ban megadja, m\u00e9g vissza\u00e9l\u00e9s eset\u00e9n is.<\/p>\n<p><b>2. B\u00e9rleti id\u0151szak<\/b><br \/>\nA b\u00e9rleti id\u0151szak az \u00e1tad\u00e1s napj\u00e1n kezd\u0151dik \u00e9s a visszav\u00e9tel napj\u00e1n \u00e9r v\u00e9get, de legkor\u00e1bban a j\u00e1rm\u0171 megfelel\u0151 m\u0171szaki- \u00e9s k\u00fcls\u0151 \u00e1llapot\u00e1nak sz\u00fcks\u00e9ges helyre\u00e1ll\u00edt\u00e1sa ut\u00e1n. Minim\u00e1lis b\u00e9rleti id\u0151 meg\u00e1llapod\u00e1sa eset\u00e9n azt teljes eg\u00e9sz\u00e9ben (vagy megegyez\u00e9s szerint) ki kell fizetni, m\u00e9g korai visszak\u00fcld\u00e9s eset\u00e9n is. A j\u00e1rm\u0171vet Mosonmagyar\u00f3v\u00e1rra \u00e9s\/vagy N\u00e9metorsz\u00e1g k\u00fcl\u00f6nb\u00f6z\u0151 telephelyeire kell visszasz\u00e1ll\u00edtani, oda ahol az \u00e1tv\u00e9tel is t\u00f6rt\u00e9nt. Kiv\u00e9ve, ha a b\u00e9rbead\u00f3 \u00edr\u00e1sban vagy telexen hozz\u00e1j\u00e1rult a m\u00e1s helyre t\u00f6rt\u00e9n\u0151 visszasz\u00e1ll\u00edt\u00e1shoz.<\/p>\n<p><b>3. B\u00e9rl\u00e9s<\/b><br \/>\nA b\u00e9rbead\u00f3 \u00e9s a b\u00e9rl\u0151 k\u00f6z\u00f6tti b\u00e9rleti d\u00edjakra vonatkoz\u00f3 meg\u00e1llapod\u00e1sokat kell alkalmazni. Ha nem t\u00f6rt\u00e9nt meg\u00e1llapod\u00e1s, a j\u00e1rm\u0171 \u00e1tv\u00e9tel\u00e9nek napj\u00e1n \u00e9rv\u00e9nyes b\u00e9rbead\u00f3i \u00e1rtarif\u00e1k \u00e9rv\u00e9nyesek. A b\u00e9rbead\u00f3 a b\u00e9rl\u0151 k\u00e9r\u00e9s\u00e9re megk\u00fcldi a b\u00e9rl\u0151nek a vonatkoz\u00f3 d\u00edjszab\u00e1s egy p\u00e9ld\u00e1ny\u00e1t. A b\u00e9rleti sz\u00e1ml\u00e1k a ki\u00e1ll\u00edt\u00e1skor azonnal esed\u00e9kesek \u00e9s fizetend\u0151k. Fizet\u00e9si k\u00e9sedelem eset\u00e9n a b\u00e9rbead\u00f3 jogosult havi 1%-os kamatot felsz\u00e1m\u00edtani. A k\u00e9sedelem okozta k\u00e1rig\u00e9ny \u00e9rv\u00e9nyes\u00edt\u00e9s\u00e9nek joga fenntartva van. A t\u00f6rv\u00e9nyben el\u0151\u00edrt joghat\u00f3s\u00e1gi helyek \u00e9rintetlen\u00fcl maradnak. A b\u00e9rleti id\u0151szak alatt a j\u00e1rm\u0171 haszn\u00e1lhat\u00f3s\u00e1g\u00e1nak b\u00e1rmilyen megsz\u0171n\u00e9se vagy korl\u00e1toz\u00e1sa, amely\u00e9rt a b\u00e9rl\u0151 vagy alkalmazottai felel\u0151sek, nem \u00e9rinti a meg\u00e1llapod\u00e1s szerinti b\u00e9rleti d\u00edj megfizet\u00e9s\u00e9nek k\u00f6telezetts\u00e9g\u00e9t.<\/p>\n<p><b>4. M\u0171szaki \u00e1llapot<\/b><br \/>\nA j\u00e1rm\u0171vet m\u0171szakilag megfelel\u0151 \u00e1llapotban adj\u00e1k \u00e1t a b\u00e9rl\u0151nek. Ezt a b\u00e9rl\u0151 a b\u00e9rleti szerz\u0151d\u00e9s al\u00e1\u00edr\u00e1s\u00e1val kifejezetten meger\u0151s\u00edti. A j\u00e1rm\u0171vet ugyanolyan m\u0171szaki \u00e1llapotban kell visszaszolg\u00e1ltatni, figyelembe v\u00e9ve a szok\u00e1sos elhaszn\u00e1l\u00f3d\u00e1st. Ha a b\u00e9rl\u0151 a j\u00e1rm\u0171vet s\u00e9r\u00fclt \u00e1llapotban adja vissza, a b\u00e9rbead\u00f3 v\u00e1llalja, hogy a b\u00e9rl\u0151nek a s\u00e9r\u00fcl\u00e9sr\u0151l \u00e9s a jav\u00edt\u00e1si k\u00f6lts\u00e9gek becs\u00fclt \u00f6sszeg\u00e9r\u0151l t\u00e1j\u00e9koztat\u00e1st ad. A b\u00e9rl\u0151 k\u00f6teles halad\u00e9ktalanul, de legk\u00e9s\u0151bb a b\u00e9rbead\u00f3 \u00e1ltal meghat\u00e1rozott hat\u00e1rid\u0151n bel\u00fcl jav\u00edt\u00e1si megb\u00edz\u00e1st beny\u00fajtani a b\u00e9rbead\u00f3nak. A hat\u00e1rid\u0151 eredm\u00e9nytelen eltelt\u00e9t k\u00f6vet\u0151en a b\u00e9rbead\u00f3 jogosult a k\u00e1rt a b\u00e9rl\u0151 k\u00f6lts\u00e9g\u00e9re kijav\u00edttatni. A kisebb k\u00e1rokat k\u00f6lts\u00e9gbecsl\u00e9s n\u00e9lk\u00fcl, a b\u00e9rl\u0151 k\u00f6lts\u00e9g\u00e9re azonnal kijav\u00edtj\u00e1k.<\/p>\n<p><b>5. A j\u00e1rm\u0171 haszn\u00e1lata \u00e9s karbantart\u00e1sa<\/b><\/p>\n<ul>\n<li>minden \u00e9rintett orsz\u00e1g \u00e9s nemzetek feletti szervezetek jogi \u00e9s egy\u00e9b vonatkoz\u00f3 rendelkez\u00e9seit be kell tartani.<\/li>\n<li>a j\u00e1rm\u0171 haszn\u00e1lat\u00e1t Nyugat-Eur\u00f3p\u00e1ra korl\u00e1tozza, kiv\u00e9ve, ha \u00edr\u00e1sban m\u00e1sk\u00e9nt nem \u00e1llapodtak meg<\/li>\n<li>a j\u00e1rm\u0171vet k\u00f6r\u00fcltekint\u0151en kell haszn\u00e1lni, \u00e9s k\u00fcl\u00f6n\u00f6sen \u00f3vni a t\u00falhaszn\u00e1latt\u00f3l, betartani a gy\u00e1rt\u00f3 vagy a b\u00e9rbead\u00f3 karbantart\u00e1si \u00e9s haszn\u00e1lati utas\u00edt\u00e1sait, \u00e9s elv\u00e9geztetni a rendszeres karbantart\u00e1si munk\u00e1latokat.<\/li>\n<li>csak m\u0171szakilag megfelel\u0151 \u00e9s j\u00f3v\u00e1hagyott j\u00e1rm\u0171veket haszn\u00e1ljanak<\/li>\n<li>a j\u00e1rm\u0171vet saj\u00e1t k\u00f6lts\u00e9g\u00e9n \u00fczemk\u00e9pes \u00e1llapotban kell tartani, k\u00fcl\u00f6n\u00f6sen a sz\u00fcks\u00e9ges jav\u00edt\u00e1sokat el kell v\u00e9gezni.<\/li>\n<li>a jogszab\u00e1lyokban el\u0151\u00edrt megfelel\u0151 m\u0171szaki ellen\u0151rz\u00e9sek elv\u00e9gz\u00e9se<\/li>\n<li>mentes\u00edti a b\u00e9rbead\u00f3t minden olyan k\u00e1rt\u00e9r\u00edt\u00e9si, k\u00f6lts\u00e9g-, d\u00edj- \u00e9s szankci\u00f3k\u00f6vetel\u00e9ssel szemben &#8211; f\u00fcggetlen\u00fcl a jogalapt\u00f3l -, amelyet a j\u00e1rm\u0171 haszn\u00e1lata miatt a b\u00e9rbead\u00f3val szemben b\u00e1rmilyen form\u00e1ban \u00e9rv\u00e9nyes\u00edtenek.<\/li>\n<li>nem haszn\u00e1lja a j\u00e1rm\u0171vet olyan \u00e1ruk, anyagok vagy term\u00e9kek sz\u00e1ll\u00edt\u00e1s\u00e1ra, amelyek a j\u00e1rm\u0171vet m\u00e1s anyagok sz\u00e1ll\u00edt\u00e1s\u00e1ra haszn\u00e1lhatatlann\u00e1 teszik, vagy amelyek a j\u00e1rm\u0171 haszn\u00e1lhat\u00f3s\u00e1g\u00e1t korl\u00e1tozz\u00e1k.<\/li>\n<li>a b\u00e9rl\u0151 v\u00e1llalja tov\u00e1bb\u00e1, hogy gondoskodik a j\u00e1rm\u0171r\u0151l \u00e9s karbantartja azt.<\/li>\n<li>a g\u00e9pj\u00e1rm\u0171vet a b\u00e9rbead\u00f3 a t\u00f6rv\u00e9nyes casco- \u00e9s g\u00e9pj\u00e1rm\u0171-felel\u0151ss\u00e9gbiztos\u00edt\u00e1s keret\u00e9ben biztos\u00edtja.<\/li>\n<\/ul>\n<p><b>7. Ad\u00f3z\u00e1s<\/b><br \/>\nA b\u00e9rbead\u00f3 a g\u00e9pj\u00e1rm\u0171ad\u00f3r\u00f3l sz\u00f3l\u00f3 t\u00f6rv\u00e9ny 10. szakasz\u00e1nak (1) bekezd\u00e9se alapj\u00e1n a b\u00e9relt p\u00f3tkocsikra vonatkoz\u00f3an mentess\u00e9get k\u00e9rt \u00e9s kapott a g\u00e9pj\u00e1rm\u0171ad\u00f3 al\u00f3l. A b\u00e9rl\u0151 tudom\u00e1sul veszi, hogy a p\u00f3tkocsi csak akkor \u00e9s addig mentes\u00fcl az ad\u00f3 al\u00f3l, ha \u00e9s ameddig a vontat\u00f3 tulajdonosa a g\u00e9pj\u00e1rm\u0171ad\u00f3hoz p\u00f3tkocsi-p\u00f3td\u00edjat fizet az el\u0151\u00edrt \u00f6sszegben. A b\u00e9rl\u0151 v\u00e1llalja a b\u00e9rbead\u00f3val szemben, hogy betartja az \u00f6sszes olyan ad\u00f3z\u00e1si el\u0151\u00edr\u00e1st, amely a p\u00f3tkocsi fent eml\u00edtett ad\u00f3mentess\u00e9ge szempontj\u00e1b\u00f3l meghat\u00e1roz\u00f3. A b\u00e9rl\u0151 v\u00e1llalja tov\u00e1bb\u00e1, hogy minden p\u00f3tkocsit sz\u00e1ll\u00edt\u00f3 vontat\u00f3egys\u00e9g ut\u00e1n p\u00f3tkocsip\u00f3td\u00edjat fizet. A l\u00edzingbevev\u0151 k\u00f6teles megt\u00e9r\u00edteni a l\u00edzingbead\u00f3nak minden olyan p\u00e9nz\u00fcgyi h\u00e1tr\u00e1nyt, amely &#8211; jogalapra val\u00f3 tekintet n\u00e9lk\u00fcl &#8211; abb\u00f3l ered, hogy a l\u00edzingbevev\u0151 a fenti k\u00f6telezetts\u00e9g\u00e9nek nem vagy csak hi\u00e1nyosan tesz eleget. Amennyiben a b\u00e9rbead\u00f3t a j\u00e1rm\u0171 birtokl\u00e1sa vagy haszn\u00e1lata miatt egy\u00e9b d\u00edjak, j\u00e1rul\u00e9kok, ad\u00f3k vagy illet\u00e9kek terhelik, ezek a b\u00e9rleti id\u0151szak alatt a b\u00e9rl\u0151t terhelik, \u00e9s a b\u00e9rl\u0151 v\u00e1llalja, hogy a b\u00e9rbead\u00f3t e tekintetben k\u00e1rtalan\u00edtja. Kifejezetten beleegyezik, hogy a g\u00e9pj\u00e1rm\u0171ad\u00f3, valamint a N\u00e9met Sz\u00f6vets\u00e9gi K\u00f6zt\u00e1rsas\u00e1gban a t\u00f6rv\u00e9nyek \u00e9s v\u00e9grehajt\u00e1si rendeletek b\u00e1rmilyen v\u00e1ltoz\u00e1s\u00e1t a b\u00e9rl\u0151 viseli.<\/p>\n<p><b>8. Gumiabroncsok, f\u00e9kek<\/b><br \/>\nA gumiabroncsok \u00e9s f\u00e9kek kop\u00e1sa a b\u00e9rbead\u00f3t terheli. A s\u00e9r\u00fclt vagy elhaszn\u00e1l\u00f3dott gumiabroncsokat a b\u00e9rbead\u00f3 rendelkez\u00e9s\u00e9re kell bocs\u00e1tani. A b\u00e9rbead\u00f3 minden esetben fenntartja a jogot, hogy a b\u00e9rl\u0151 \u00e1ltal felszerelt gumiabroncsokat a b\u00e9rl\u0151 k\u00f6lts\u00e9g\u00e9re saj\u00e1t gumiabroncsokkal cser\u00e9lje ki. A gumiabroncsok \u00e9s a f\u00e9kek norm\u00e1l elhaszn\u00e1l\u00f3d\u00e1s m\u00e9rt\u00e9k\u00e9t meghalad\u00f3 elhaszn\u00e1l\u00f3d\u00e1s\u00e1t a b\u00e9rl\u0151nek, a vonatkoz\u00f3 d\u00edjszab\u00e1s szerint kell felsz\u00e1m\u00edtani. T\u00falzott kop\u00e1sr\u00f3l akkor besz\u00e9l\u00fcnk, ha a gumiabroncsok vagy a f\u00e9kbet\u00e9tek olyan m\u00e9rt\u00e9kben elhaszn\u00e1l\u00f3dtak, amelyet a sebess\u00e9gm\u00e9r\u0151 szerint megtett kilom\u00e9terek nem indokolnak. A f\u00e9krendszerben a b\u00e9rbead\u00f3 \u00e1ltal nem enged\u00e9lyezett beavatkoz\u00e1sok \u00e1ltal okozott k\u00e1rokat a b\u00e9rl\u0151 viseli.<\/p>\n<p><b>9. Meghib\u00e1sod\u00e1s vagy baleset<\/b><br \/>\nA b\u00e9rl\u0151 k\u00f6teles halad\u00e9ktalanul \u00e9rtes\u00edteni a b\u00e9rbead\u00f3t a j\u00e1rm\u0171 meghib\u00e1sod\u00e1s\u00e1r\u00f3l vagy baleset\u00e9r\u0151l telefonon, \u00e9s 48 \u00f3r\u00e1n bel\u00fcl \u00edr\u00e1sban is k\u00f6z\u00f6lni a r\u00e9szleteket. A b\u00e9rl\u0151 felel a k\u00e9sedelmes vagy hi\u00e1nyos \u00e9rtes\u00edt\u00e9s k\u00f6vetkezm\u00e9nyei\u00e9rt.<\/p>\n<p><b>10. Tot\u00e1lk\u00e1r<\/b><br \/>\nA j\u00e1rm\u0171vek tot\u00e1lis k\u00e1rosod\u00e1sa eset\u00e9n a tulajdonos jogosult a b\u00e9rl\u0151t\u0151l \u00e9sszer\u0171en kiel\u00e9g\u00edt\u0151 igazol\u00e1st k\u00e9rni arr\u00f3l, hogy az illet\u00e9kes hat\u00f3s\u00e1gokat t\u00e1j\u00e9koztatt\u00e1k a vesztes\u00e9gr\u0151l, \u00e9s hogy minden sz\u00fcks\u00e9ges l\u00e9p\u00e9st megtettek a j\u00e1rm\u0171 holl\u00e9t\u00e9nek meg\u00e1llap\u00edt\u00e1sa \u00e9rdek\u00e9ben. Am\u00edg a B\u00e9rbead\u00f3 nem kapja meg ezt a j\u00f3v\u00e1hagy\u00e1st, joga van elhalasztani a tot\u00e1lk\u00e1r felsz\u00e1m\u00edt\u00e1s\u00e1t, amely esetben a j\u00e1rm\u0171vet tov\u00e1bbra is a B\u00e9rl\u0151nek kell b\u00e9rbe adni, \u00e9s a b\u00e9rleti d\u00edjat ennek megfelel\u0151en kell megfizetni.<\/p>\n<p><b>11. Felel\u0151ss\u00e9g<\/b><br \/>\nA b\u00e9rleti id\u0151szak alatt a b\u00e9rl\u0151 kiz\u00e1r\u00f3lagos felel\u0151ss\u00e9get v\u00e1llal a j\u00e1rm\u0171 birtokl\u00e1s\u00e1\u00e9rt \u00e9s haszn\u00e1lat\u00e1\u00e9rt. A b\u00e9rl\u0151 v\u00e1llalja, hogy a t\u00e1maszt\u00f3l\u00e1bakon parkol\u00f3 j\u00e1rm\u0171veket kieg\u00e9sz\u00edt\u0151 t\u00e1maszt\u00e9kokkal megfelel\u0151en r\u00f6gz\u00edti a felborul\u00e1s stb. ellen. A b\u00e9rbead\u00f3 csak sz\u00e1nd\u00e9koss\u00e1g\u00e9rt \u00e9s s\u00falyos gondatlans\u00e1g\u00e9rt felel. Az egyszer\u0171 k\u00f6zvet\u00edt\u0151i felel\u0151ss\u00e9g a tipikusan el\u0151rel\u00e1that\u00f3 k\u00e1r \u00f6sszeg\u00e9re korl\u00e1toz\u00f3dik. A b\u00e9rl\u0151 kock\u00e1zati szf\u00e9r\u00e1j\u00e1nak tulajdon\u00edthat\u00f3 k\u00e1rok azonban minden esetben kiz\u00e1r\u00e1sra ker\u00fclnek. A b\u00e9rbead\u00f3 semmilyen esetben sem felel a k\u00f6vetkezm\u00e9nyes k\u00e1rok\u00e9rt vagy egy\u00e9b k\u00f6zvetett k\u00e1rok\u00e9rt.<\/p>\n<p><b>12. A b\u00e9rleti d\u00edj id\u0151 el\u0151tti lej\u00e1rta<\/b><br \/>\nA teljes b\u00e9rleti id\u0151szakra vonatkoz\u00f3 h\u00e1tral\u00e9v\u0151 b\u00e9rleti d\u00edj azonnal esed\u00e9kess\u00e9 v\u00e1lik, ha<\/p>\n<ul>\n<li>a b\u00e9rl\u0151 a kisz\u00e1ml\u00e1zott b\u00e9rleti d\u00edjjal r\u00e9szben vagy eg\u00e9szben t\u00f6bb mint 1 h\u00f3napig k\u00e9sedelemben van.<\/li>\n<li>a b\u00e9rl\u0151 nem teljes\u00edti a kifizet\u00e9seket<\/li>\n<li>a b\u00e9rl\u0151 vagyona ellen felsz\u00e1mol\u00e1si vagy fizet\u00e9sk\u00e9ptelens\u00e9gi elj\u00e1r\u00e1s megind\u00edt\u00e1s\u00e1ra ir\u00e1nyul\u00f3 k\u00e9relmet ny\u00fajtanak be<\/li>\n<li>a b\u00e9rl\u0151 morat\u00f3riumot k\u00e9r a hitelez\u0151kt\u0151l, vagy m\u00e1s m\u00f3don peren k\u00edv\u00fcli egyezs\u00e9gre t\u00f6rekszik<\/li>\n<li>a t\u00e9nyek &#8211; mint p\u00e9ld\u00e1ul v\u00e9grehajt\u00e1si int\u00e9zked\u00e9sek vagy v\u00e1lt\u00f3k tiltakoz\u00e1sa &#8211; arra engednek k\u00f6vetkeztetni, hogy a b\u00e9rl\u0151 nem fog eleget tenni esed\u00e9kes k\u00f6telezetts\u00e9geinek.<\/li>\n<li>a b\u00e9rl\u0151 megsz\u00fcnteti \u00fczleti tev\u00e9kenys\u00e9g\u00e9t \u00e9s\/vagy<\/li>\n<li>a b\u00e9rl\u0151 a b\u00e9rbead\u00f3 figyelmeztet\u00e9se ellen\u00e9re sem teljes\u00edti k\u00f6telezetts\u00e9geit. Ha a b\u00e9rl\u0151 a b\u00e9rbead\u00f3 els\u0151 felsz\u00f3l\u00edt\u00e1s\u00e1t k\u00f6vet\u0151 egy h\u00e9ten bel\u00fcl nem teljes\u00edti esed\u00e9kes fizet\u00e9si k\u00f6telezetts\u00e9g\u00e9t, a b\u00e9rbead\u00f3 jogosult a j\u00e1rm\u0171vet k\u00f6vetel\u00e9sei biztos\u00edt\u00e1sa \u00e9rdek\u00e9ben azonnal visszavenni \u00e9s birtokba helyezni. Ebben az esetben a b\u00e9rbead\u00f3 fenntartja a b\u00e9rleti d\u00edjra vonatkoz\u00f3 ig\u00e9ny\u00e9t.<\/li>\n<\/ul>\n<p>A j\u00e1rm\u0171 sz\u00e1ll\u00edt\u00e1s\u00e1val, t\u00e1rol\u00e1s\u00e1val, biztos\u00edt\u00e1s\u00e1val \u00e9s karbantart\u00e1s\u00e1val kapcsolatos minden k\u00f6lts\u00e9get, amely a r\u00f6gz\u00edt\u00e9s alkalm\u00e1val felmer\u00fcl, a b\u00e9rl\u0151 viseli. A b\u00e9rbead\u00f3 minden tov\u00e1bbi k\u00e1rt\u00e9r\u00edt\u00e9si ig\u00e9nye fenn\u00e1ll.<\/p>\n<p><b>13. Hat\u00e1rid\u0151 el\u0151tti felmond\u00e1s<\/b><br \/>\nA 12. pont szerinti esetekben \u00e9s alapos ok eset\u00e9n a b\u00e9rbead\u00f3 jogosult a szerz\u0151d\u00e9st felmondani hat\u00e1rid\u0151 el\u00f6tt, \u00e9s a j\u00e1rm\u0171vet a b\u00e9rl\u0151 k\u00f6lts\u00e9g\u00e9re azonnal visszavenni. Ebben az esetben a b\u00e9rl\u0151 k\u00e1rt\u00e9r\u00edt\u00e9si felel\u0151ss\u00e9ggel tartozik a b\u00e9rbead\u00f3nak a teljes b\u00e9rleti id\u0151szakra m\u00e9g fenn\u00e1ll\u00f3 b\u00e9rleti d\u00edj \u00e9s a b\u00e9rbead\u00f3 \u00e1ltal m\u00e1shol el\u00e9rt nett\u00f3 b\u00e9rleti d\u00edj k\u00fcl\u00f6nb\u00f6zet\u00e9nek megfelel\u0151 \u00f6sszegben, de legal\u00e1bb 200,00 \u20ac \u00f6sszegben, hogy r\u00e9szben kompenz\u00e1lja a b\u00e9rbead\u00f3nak a b\u00e9rl\u0151v\u00e1lt\u00e1ssal kapcsolatos adminisztrat\u00edv \u00e9s munkak\u00f6lts\u00e9geit. A b\u00e9rbead\u00f3n\u00e1l a felmond\u00e1ssal kapcsolatban felmer\u00fcl\u0151 \u00f6sszes k\u00f6lts\u00e9get a b\u00e9rl\u0151 viseli. A b\u00e9rl\u0151nek a BGB 542. \u00a7-a szerinti rendk\u00edv\u00fcli felmond\u00e1si joga ezennel kiz\u00e1rt.<\/p>\n<p><b>14. Felsz\u00e1m\u00edt\u00e1s visszatart\u00e1s<\/b><br \/>\nA b\u00e9rl\u0151 nem jogosult a b\u00e9rbead\u00f3nak a jelen szerz\u0151d\u00e9sb\u0151l ered\u0151 k\u00f6vetel\u00e9s\u00e9t egy vitatott, m\u00e9g nem joger\u0151sen meg\u00e1llap\u00edtott k\u00f6vetel\u00e9ssel szemben besz\u00e1m\u00edtani, vagy ilyen k\u00f6vetel\u00e9s miatt visszatart\u00e1si jogot \u00e9rv\u00e9nyes\u00edteni.<\/p>\n<p><b>15. Tulajdonjog \/ birtokl\u00e1s<\/b><br \/>\nA j\u00e1rm\u0171 a b\u00e9rbead\u00f3 kiz\u00e1r\u00f3lagos tulajdon\u00e1ban marad A b\u00e9rl\u0151 semmilyen k\u00f6r\u00fclm\u00e9nyek k\u00f6z\u00f6tt nem jogosult \u00e1talak\u00edt\u00e1sokat vagy egy\u00e9b m\u00f3dos\u00edt\u00e1sokat v\u00e9gezni, illetve a tulajdonosi jel\u00f6l\u00e9seket elt\u00e1vol\u00edtani vagy eltakarni. A tulajdonjelz\u00e9sek megrong\u00e1l\u00f3d\u00e1sa eset\u00e9n a b\u00e9rl\u0151 k\u00f6teles halad\u00e9ktalanul \u00e9rtes\u00edteni a b\u00e9rbead\u00f3t, \u00e9s a b\u00e9rbead\u00f3 utas\u00edt\u00e1sainak megfelel\u0151en saj\u00e1t k\u00f6lts\u00e9g\u00e9n kijav\u00edttatni a k\u00e1rokat. A b\u00e9rl\u0151 k\u00f6teles lehet\u0151v\u00e9 tenni a b\u00e9rbead\u00f3 sz\u00e1m\u00e1ra, hogy a j\u00e1rm\u0171vet b\u00e1rmikor ellen\u0151rizze. Ha a j\u00e1rm\u0171vet lefoglalj\u00e1k, vagy ha harmadik szem\u00e9ly m\u00e1s m\u00f3don \u00e9rv\u00e9nyes\u00edt jogokat, a b\u00e9rl\u0151 k\u00f6teles a lefoglal\u00e1st saj\u00e1t k\u00f6lts\u00e9g\u00e9n elh\u00e1r\u00edtani, \u00e9s err\u0151l a b\u00e9rbead\u00f3t halad\u00e9ktalanul t\u00e1j\u00e9koztatni. A b\u00e9rbead\u00f3 \u00edr\u00e1sbeli hozz\u00e1j\u00e1rul\u00e1sa n\u00e9lk\u00fcl az b\u00e9rletbe ad\u00e1s nem megengedett. Jogs\u00e9rt\u00e9s eset\u00e9n a b\u00e9rbead\u00f3 jogosult a b\u00e9rleti jogviszonyt felmond\u00e1s n\u00e9lk\u00fcl megsz\u00fcntetni. Enged\u00e9lyezett vagy nem enged\u00e9lyezett b\u00e9rletbe ad\u00e1s vagy m\u00e1s m\u00f3don harmadik szem\u00e9lynek t\u00f6rt\u00e9n\u0151 \u00e1truh\u00e1z\u00e1s eset\u00e9n a b\u00e9rl\u0151 ezennel biztos\u00edt\u00e9kk\u00e9nt a b\u00e9rbead\u00f3ra engedm\u00e9nyezi a harmadik szem\u00e9llyel szemben \u0151t megillet\u0151 valamennyi k\u00f6vetel\u00e9st (bele\u00e9rtve a j\u00f6v\u0151beni k\u00f6vetel\u00e9seket is). A b\u00e9rbead\u00f3 elfogadja ezt a megb\u00edz\u00e1st.<\/p>\n<p><b>16. Felmond\u00e1s<\/b><br \/>\nEz a szerz\u0151d\u00e9s hat\u00e1rozatlan id\u0151re sz\u00f3l, kiv\u00e9ve, ha \u00edr\u00e1sban m\u00e1sk\u00e9nt nem \u00e1llapodtak meg. A szerz\u0151d\u00e9st b\u00e1rmelyik f\u00e9l felmondhatja h\u00e1rom h\u00f3napos felmond\u00e1si id\u0151vel a napt\u00e1ri \u00e9v v\u00e9g\u00e9re, kiv\u00e9ve, ha a felek meghat\u00e1rozott b\u00e9rleti id\u0151szakokra vonatkoz\u00f3an m\u00e1sk\u00e9nt \u00e1llapodnak meg. A szerz\u0151d\u00e9s felmond\u00e1sa eset\u00e9n mindk\u00e9t f\u00e9l jogai \u00e9s k\u00f6telezetts\u00e9gei a j\u00e1rm\u0171 visszaszolg\u00e1ltat\u00e1s\u00e1ig hat\u00e1lyban maradnak. A b\u00e9rl\u0151 tov\u00e1bbra is k\u00f6teles teljes\u00edteni a szerz\u0151d\u00e9s alapj\u00e1n r\u00e1 h\u00e1rul\u00f3 egy\u00e9b k\u00f6telezetts\u00e9geket.<\/p>\n<p><b>17. Z\u00e1r\u00f3 rendelkez\u00e9sek<\/b><br \/>\nA b\u00e9rleti szerz\u0151d\u00e9shez nem f\u0171ztek sz\u00f3beli vagy \u00edr\u00e1sbeli mell\u00e9kmeg\u00e1llapod\u00e1st. A jelen b\u00e9rleti szerz\u0151d\u00e9s kieg\u00e9sz\u00edt\u0151 meg\u00e1llapod\u00e1sainak, m\u00f3dos\u00edt\u00e1sainak \u00e9s kieg\u00e9sz\u00edt\u00e9seinek \u00e9rv\u00e9nyess\u00e9g\u00e9hez \u00edr\u00e1sos form\u00e1ban kell t\u00f6rt\u00e9nni\u00fck. Amennyiben a jelen szerz\u0151d\u00e9s b\u00e1rmely rendelkez\u00e9se r\u00e9szben vagy eg\u00e9szben jogilag \u00e9rv\u00e9nytelen, ez nem \u00e9rinti a t\u00f6bbi rendelkez\u00e9s \u00e9rv\u00e9nyess\u00e9g\u00e9t. Az \u00e9rv\u00e9nytelen rendelkez\u00e9st olyan rendelkez\u00e9ssel kell helyettes\u00edteni, amely a lehet\u0151 legk\u00f6zelebb \u00e1ll az \u00e9rv\u00e9nytelen rendelkez\u00e9s gazdas\u00e1gi sz\u00e1nd\u00e9k\u00e1hoz. A jelen szerz\u0151d\u00e9s rendelkez\u00e9sein t\u00falmen\u0151en a N\u00e9metorsz\u00e1gi Sz\u00f6vets\u00e9gi K\u00f6zt\u00e1rsas\u00e1g joga az ir\u00e1nyad\u00f3. A teljes\u00edt\u00e9s helye \u00e9s a b\u00edr\u00f3s\u00e1gi joghat\u00f3s\u00e1g, k\u00fcl\u00f6n\u00f6sen a fizet\u00e9si felsz\u00f3l\u00edt\u00e1sokra vonatkoz\u00f3an, mindk\u00e9t f\u00e9l sz\u00e1m\u00e1ra Werlte. A k\u00f6telez\u0151, jogszab\u00e1lyban meghat\u00e1rozott joghat\u00f3s\u00e1gi helyek \u00e9rintetlen\u00fcl maradnak.[\/et_pb_text][\/et_pb_column][\/et_pb_row][\/et_pb_section]<\/p>\n","protected":false},"excerpt":{"rendered":"<p>1. A b\u00e9relt p\u00f3tkocsik begy\u0171jt\u00e9se \u00e9s visszaszolg\u00e1ltat\u00e1sa A b\u00e9rl\u0151 felel\u0151ss\u00e9get v\u00e1llal az\u00e9rt, hogy az \u00e1ltala a begy\u0171jt\u00e9ssel kapcsolatban megb\u00edzott b\u00e1rmely szem\u00e9lyt felhatalmazza a b\u00e9rleti felt\u00e9telek \u00e9s a b\u00e9rleti szerz\u0151d\u00e9sek al\u00e1\u00edr\u00e1s\u00e1ra \u00e9s elfogad\u00e1s\u00e1ra. A b\u00e9rl\u0151 v\u00e1llalja, hogy az ezen szem\u00e9ly \u00e1ltal a nev\u00e9ben a tulajdonos fel\u00e9 tett valamennyi nyilatkozatot jogilag k\u00f6telez\u0151nek fogadja el mag\u00e1ra n\u00e9zve, \u00e9s [&hellip;]<\/p>\n","protected":false},"author":3,"featured_media":0,"parent":0,"menu_order":0,"comment_status":"closed","ping_status":"closed","template":"","meta":{"_et_pb_use_builder":"on","_et_pb_old_content":"","_et_gb_content_width":"","footnotes":""},"class_list":["post-156","page","type-page","status-publish","hentry"],"yoast_head":"<!-- This site is optimized with the Yoast SEO plugin v24.7 - https:\/\/yoast.com\/wordpress\/plugins\/seo\/ -->\n<title>Jogi felt\u00e9telek - Logo Rent<\/title>\n<meta name=\"robots\" content=\"index, follow, max-snippet:-1, max-image-preview:large, max-video-preview:-1\" \/>\n<link rel=\"canonical\" href=\"http:\/\/logo-rent.com\/hu\/jogi-feltetelek\/\" \/>\n<meta property=\"og:locale\" content=\"hu_HU\" \/>\n<meta property=\"og:type\" content=\"article\" \/>\n<meta property=\"og:title\" content=\"Jogi felt\u00e9telek - Logo Rent\" \/>\n<meta property=\"og:description\" content=\"1. A b\u00e9relt p\u00f3tkocsik begy\u0171jt\u00e9se \u00e9s visszaszolg\u00e1ltat\u00e1sa A b\u00e9rl\u0151 felel\u0151ss\u00e9get v\u00e1llal az\u00e9rt, hogy az \u00e1ltala a begy\u0171jt\u00e9ssel kapcsolatban megb\u00edzott b\u00e1rmely szem\u00e9lyt felhatalmazza a b\u00e9rleti felt\u00e9telek \u00e9s a b\u00e9rleti szerz\u0151d\u00e9sek al\u00e1\u00edr\u00e1s\u00e1ra \u00e9s elfogad\u00e1s\u00e1ra. A b\u00e9rl\u0151 v\u00e1llalja, hogy az ezen szem\u00e9ly \u00e1ltal a nev\u00e9ben a tulajdonos fel\u00e9 tett valamennyi nyilatkozatot jogilag k\u00f6telez\u0151nek fogadja el mag\u00e1ra n\u00e9zve, \u00e9s [&hellip;]\" \/>\n<meta property=\"og:url\" content=\"http:\/\/logo-rent.com\/hu\/jogi-feltetelek\/\" \/>\n<meta property=\"og:site_name\" content=\"Logo Rent\" \/>\n<meta property=\"article:modified_time\" content=\"2022-03-01T13:10:27+00:00\" \/>\n<meta property=\"og:image\" content=\"http:\/\/logo-rent.com\/wp-content\/uploads\/logo-rent-1400x898.png\" \/>\n\t<meta property=\"og:image:width\" content=\"1400\" \/>\n\t<meta property=\"og:image:height\" content=\"898\" \/>\n\t<meta property=\"og:image:type\" content=\"image\/png\" \/>\n<meta name=\"twitter:card\" content=\"summary_large_image\" \/>\n<meta name=\"twitter:label1\" content=\"Becs\u00fclt olvas\u00e1si id\u0151\" \/>\n\t<meta name=\"twitter:data1\" content=\"15 perc\" \/>\n<script type=\"application\/ld+json\" class=\"yoast-schema-graph\">{\"@context\":\"https:\/\/schema.org\",\"@graph\":[{\"@type\":\"WebPage\",\"@id\":\"http:\/\/logo-rent.com\/hu\/jogi-feltetelek\/\",\"url\":\"http:\/\/logo-rent.com\/hu\/jogi-feltetelek\/\",\"name\":\"Jogi felt\u00e9telek - Logo Rent\",\"isPartOf\":{\"@id\":\"http:\/\/logo-rent.com\/hu\/#website\"},\"datePublished\":\"2022-02-14T14:06:41+00:00\",\"dateModified\":\"2022-03-01T13:10:27+00:00\",\"breadcrumb\":{\"@id\":\"http:\/\/logo-rent.com\/hu\/jogi-feltetelek\/#breadcrumb\"},\"inLanguage\":\"hu\",\"potentialAction\":[{\"@type\":\"ReadAction\",\"target\":[\"http:\/\/logo-rent.com\/hu\/jogi-feltetelek\/\"]}]},{\"@type\":\"BreadcrumbList\",\"@id\":\"http:\/\/logo-rent.com\/hu\/jogi-feltetelek\/#breadcrumb\",\"itemListElement\":[{\"@type\":\"ListItem\",\"position\":1,\"name\":\"Startseite\",\"item\":\"http:\/\/logo-rent.com\/hu\/\"},{\"@type\":\"ListItem\",\"position\":2,\"name\":\"Jogi felt\u00e9telek\"}]},{\"@type\":\"WebSite\",\"@id\":\"http:\/\/logo-rent.com\/hu\/#website\",\"url\":\"http:\/\/logo-rent.com\/hu\/\",\"name\":\"Logo Rent\",\"description\":\"K\u00fchltrailer in Ungarn mieten\",\"publisher\":{\"@id\":\"http:\/\/logo-rent.com\/hu\/#organization\"},\"potentialAction\":[{\"@type\":\"SearchAction\",\"target\":{\"@type\":\"EntryPoint\",\"urlTemplate\":\"http:\/\/logo-rent.com\/hu\/?s={search_term_string}\"},\"query-input\":{\"@type\":\"PropertyValueSpecification\",\"valueRequired\":true,\"valueName\":\"search_term_string\"}}],\"inLanguage\":\"hu\"},{\"@type\":\"Organization\",\"@id\":\"http:\/\/logo-rent.com\/hu\/#organization\",\"name\":\"Logo Rent\",\"url\":\"http:\/\/logo-rent.com\/hu\/\",\"logo\":{\"@type\":\"ImageObject\",\"inLanguage\":\"hu\",\"@id\":\"http:\/\/logo-rent.com\/hu\/#\/schema\/logo\/image\/\",\"url\":\"http:\/\/logo-rent.com\/wp-content\/uploads\/logo-rent.jpg\",\"contentUrl\":\"http:\/\/logo-rent.com\/wp-content\/uploads\/logo-rent.jpg\",\"width\":500,\"height\":117,\"caption\":\"Logo Rent\"},\"image\":{\"@id\":\"http:\/\/logo-rent.com\/hu\/#\/schema\/logo\/image\/\"}}]}<\/script>\n<!-- \/ Yoast SEO plugin. -->","yoast_head_json":{"title":"Jogi felt\u00e9telek - Logo Rent","robots":{"index":"index","follow":"follow","max-snippet":"max-snippet:-1","max-image-preview":"max-image-preview:large","max-video-preview":"max-video-preview:-1"},"canonical":"http:\/\/logo-rent.com\/hu\/jogi-feltetelek\/","og_locale":"hu_HU","og_type":"article","og_title":"Jogi felt\u00e9telek - Logo Rent","og_description":"1. A b\u00e9relt p\u00f3tkocsik begy\u0171jt\u00e9se \u00e9s visszaszolg\u00e1ltat\u00e1sa A b\u00e9rl\u0151 felel\u0151ss\u00e9get v\u00e1llal az\u00e9rt, hogy az \u00e1ltala a begy\u0171jt\u00e9ssel kapcsolatban megb\u00edzott b\u00e1rmely szem\u00e9lyt felhatalmazza a b\u00e9rleti felt\u00e9telek \u00e9s a b\u00e9rleti szerz\u0151d\u00e9sek al\u00e1\u00edr\u00e1s\u00e1ra \u00e9s elfogad\u00e1s\u00e1ra. A b\u00e9rl\u0151 v\u00e1llalja, hogy az ezen szem\u00e9ly \u00e1ltal a nev\u00e9ben a tulajdonos fel\u00e9 tett valamennyi nyilatkozatot jogilag k\u00f6telez\u0151nek fogadja el mag\u00e1ra n\u00e9zve, \u00e9s [&hellip;]","og_url":"http:\/\/logo-rent.com\/hu\/jogi-feltetelek\/","og_site_name":"Logo Rent","article_modified_time":"2022-03-01T13:10:27+00:00","og_image":[{"width":1400,"height":898,"url":"http:\/\/logo-rent.com\/wp-content\/uploads\/logo-rent-1400x898.png","type":"image\/png"}],"twitter_card":"summary_large_image","twitter_misc":{"Becs\u00fclt olvas\u00e1si id\u0151":"15 perc"},"schema":{"@context":"https:\/\/schema.org","@graph":[{"@type":"WebPage","@id":"http:\/\/logo-rent.com\/hu\/jogi-feltetelek\/","url":"http:\/\/logo-rent.com\/hu\/jogi-feltetelek\/","name":"Jogi felt\u00e9telek - Logo Rent","isPartOf":{"@id":"http:\/\/logo-rent.com\/hu\/#website"},"datePublished":"2022-02-14T14:06:41+00:00","dateModified":"2022-03-01T13:10:27+00:00","breadcrumb":{"@id":"http:\/\/logo-rent.com\/hu\/jogi-feltetelek\/#breadcrumb"},"inLanguage":"hu","potentialAction":[{"@type":"ReadAction","target":["http:\/\/logo-rent.com\/hu\/jogi-feltetelek\/"]}]},{"@type":"BreadcrumbList","@id":"http:\/\/logo-rent.com\/hu\/jogi-feltetelek\/#breadcrumb","itemListElement":[{"@type":"ListItem","position":1,"name":"Startseite","item":"http:\/\/logo-rent.com\/hu\/"},{"@type":"ListItem","position":2,"name":"Jogi felt\u00e9telek"}]},{"@type":"WebSite","@id":"http:\/\/logo-rent.com\/hu\/#website","url":"http:\/\/logo-rent.com\/hu\/","name":"Logo Rent","description":"K\u00fchltrailer in Ungarn mieten","publisher":{"@id":"http:\/\/logo-rent.com\/hu\/#organization"},"potentialAction":[{"@type":"SearchAction","target":{"@type":"EntryPoint","urlTemplate":"http:\/\/logo-rent.com\/hu\/?s={search_term_string}"},"query-input":{"@type":"PropertyValueSpecification","valueRequired":true,"valueName":"search_term_string"}}],"inLanguage":"hu"},{"@type":"Organization","@id":"http:\/\/logo-rent.com\/hu\/#organization","name":"Logo Rent","url":"http:\/\/logo-rent.com\/hu\/","logo":{"@type":"ImageObject","inLanguage":"hu","@id":"http:\/\/logo-rent.com\/hu\/#\/schema\/logo\/image\/","url":"http:\/\/logo-rent.com\/wp-content\/uploads\/logo-rent.jpg","contentUrl":"http:\/\/logo-rent.com\/wp-content\/uploads\/logo-rent.jpg","width":500,"height":117,"caption":"Logo Rent"},"image":{"@id":"http:\/\/logo-rent.com\/hu\/#\/schema\/logo\/image\/"}}]}},"_links":{"self":[{"href":"http:\/\/logo-rent.com\/hu\/wp-json\/wp\/v2\/pages\/156","targetHints":{"allow":["GET"]}}],"collection":[{"href":"http:\/\/logo-rent.com\/hu\/wp-json\/wp\/v2\/pages"}],"about":[{"href":"http:\/\/logo-rent.com\/hu\/wp-json\/wp\/v2\/types\/page"}],"author":[{"embeddable":true,"href":"http:\/\/logo-rent.com\/hu\/wp-json\/wp\/v2\/users\/3"}],"replies":[{"embeddable":true,"href":"http:\/\/logo-rent.com\/hu\/wp-json\/wp\/v2\/comments?post=156"}],"version-history":[{"count":7,"href":"http:\/\/logo-rent.com\/hu\/wp-json\/wp\/v2\/pages\/156\/revisions"}],"predecessor-version":[{"id":180,"href":"http:\/\/logo-rent.com\/hu\/wp-json\/wp\/v2\/pages\/156\/revisions\/180"}],"wp:attachment":[{"href":"http:\/\/logo-rent.com\/hu\/wp-json\/wp\/v2\/media?parent=156"}],"curies":[{"name":"wp","href":"https:\/\/api.w.org\/{rel}","templated":true}]}}